{"id":5181,"date":"2016-04-05T14:22:41","date_gmt":"2016-04-05T12:22:41","guid":{"rendered":"https:\/\/www.riposodelvento.it\/appartamenti\/"},"modified":"2025-02-19T11:22:22","modified_gmt":"2025-02-19T10:22:22","slug":"les-gites","status":"publish","type":"page","link":"https:\/\/www.riposodelvento.it\/fr\/les-gites\/","title":{"rendered":"LES G\u00ceTES"},"content":{"rendered":"<p><div class=\"fusion-fullwidth fullwidth-box fusion-builder-row-1 nonhundred-percent-fullwidth non-hundred-percent-height-scrolling\" style=\"background-color: rgba(255,255,255,0);background-position: left top;background-repeat: no-repeat;padding-top:0px;padding-right:0px;padding-bottom:0px;padding-left:0px;margin-bottom: 0px;margin-top: 0px;border-width: 0px 0px 0px 0px;border-color:#eae9e9;border-style:solid;\" ><div class=\"fusion-builder-row fusion-row\"><div class=\"fusion-layout-column fusion_builder_column fusion-builder-column-0 fusion_builder_column_1_2 1_2 fusion-one-half fusion-column-first\" style=\"width:48%; margin-right: 4%;margin-top:0px;margin-bottom:20px;\"><div class=\"fusion-column-wrapper fusion-flex-column-wrapper-legacy\" style=\"background-position:left top;background-repeat:no-repeat;-webkit-background-size:cover;-moz-background-size:cover;-o-background-size:cover;background-size:cover;padding: 0px 0px 0px 0px;\"><div class=\"fusion-text fusion-text-1\"><p style=\"letter-spacing: 4px; font-size: 13px; margin-bottom: 0px; text-align: center; text-transform: uppercase;\">LA \u2018CASSIDE\u2019 CONIQUE DES POUILLES<\/p>\n<h1 style=\"text-align: center;\">Le Trullo<\/h1>\n<\/div><div class=\"fusion-sep-clear\"><\/div><div class=\"fusion-separator\" style=\"margin-left: auto;margin-right: auto;margin-top:0px;margin-bottom:20px;width:100%;max-width:50px;\"><div class=\"fusion-separator-border sep-single sep-solid\" style=\"border-color:#cbaa5c;border-top-width:1px;\"><\/div><\/div><div class=\"fusion-sep-clear\"><\/div><div class=\"fusion-text fusion-text-2\"><h3 class=\"box-n-persone\">Id\u00e9al pour <strong>4\/5<\/strong> personnes<\/h3>\n<p><strong>Le <em>Trullo<\/em><\/strong>, construit dans les ann\u00e9es 1800, a \u00e9t\u00e9 <strong>r\u00e9cemment restaur\u00e9 dans le plus grand respect de ses caract\u00e9ristiques originales<\/strong>, en pr\u00e9servant sa typicit\u00e9 et sa rusticit\u00e9, mais en m\u00eame temps, il a \u00e9t\u00e9 \u00e9quip\u00e9 de tout le confort n\u00e9cessaire.<\/p>\n<p>Il se compose d&#8217;un <strong>coin cuisine, d&#8217;un salon, de deux chambres doubles<\/strong> (ou une chambre double et une avec 2 lits simples) ayant un acc\u00e8s ind\u00e9pendant l&#8217;une de l&#8217;autre et de <strong>deux salles de bain<\/strong> (une dans chaque chambre). Dans le salon, un lit <strong>simple peut \u00eatre ajout\u00e9<\/strong>.<\/p>\n<p>La cuisine est <strong>\u00e9quip\u00e9e de tout le n\u00e9cessaire, y compris un r\u00e9frig\u00e9rateur et un four<\/strong>. Il y a une machine \u00e0 laver \u00e0 usage exclusif, ainsi que la climatisation, le chauffage avec des radiateurs, une t\u00e9l\u00e9vision LCD, un acc\u00e8s Internet sans fil et le linge de maison inclus.<\/p>\n<p>\u00c0 l&#8217;ext\u00e9rieur, il dispose de son propre espace avec <strong>une pergola, une table et un canap\u00e9<\/strong>, que les invit\u00e9s pourront utiliser pour profiter de la paix de la campagne.<\/p>\n<p class=\"nascondi1\" style=\"margin-bottom: 50px; margin-top: 50px; text-align: center;\"><a href=\"https:\/\/www.riposodelvento.it\/servizi\/\" rel=\"attachment wp-att-4562\"><img decoding=\"async\" class=\"aligncenter size-full wp-image-4562\" src=\"https:\/\/www.riposodelvento.it\/wp-content\/uploads\/2016\/04\/tutti-i-servizi-gratuiti-compresi-nel-prezzo.png\" alt=\"Tutti i servizi gratuiti compresi nel prezzo del soggiorno\" width=\"562\" height=\"140\" srcset=\"https:\/\/www.riposodelvento.it\/wp-content\/uploads\/2016\/04\/tutti-i-servizi-gratuiti-compresi-nel-prezzo-300x75.png 300w, https:\/\/www.riposodelvento.it\/wp-content\/uploads\/2016\/04\/tutti-i-servizi-gratuiti-compresi-nel-prezzo.png 562w\" sizes=\"(max-width: 562px) 100vw, 562px\" \/><\/a><\/p>\n<\/div><div class=\"fusion-clearfix\"><\/div><\/div><\/div><div class=\"fusion-layout-column fusion_builder_column fusion-builder-column-1 fusion_builder_column_1_2 1_2 fusion-one-half fusion-column-last\" style=\"width:48%;margin-top:0px;margin-bottom:20px;\"><div class=\"fusion-column-wrapper fusion-flex-column-wrapper-legacy\" style=\"background-position:left top;background-repeat:no-repeat;-webkit-background-size:cover;-moz-background-size:cover;-o-background-size:cover;background-size:cover;background-color:#ffffff;padding: 0px 0px 0px 0px;\"><div class=\"imageframe-align-center\"><span class=\" fusion-imageframe imageframe-dropshadow imageframe-1 hover-type-none\" style=\"border:13px solid #ffffff;-webkit-box-shadow: 3px 3px 7px rgba(0,0,0,0.3);box-shadow: 3px 3px 7px rgba(0,0,0,0.3);\"><img decoding=\"async\" width=\"532\" height=\"800\" alt=\"B&amp;B Riposo del Vento \u00e0 trulli r\u00e9cup\u00e9r\u00e9 \u00e0 Cisternino (Pouilles)\" title=\"b&#038;b Riposo del Vento in trulli, Cisternino (Puglia)\" src=\"https:\/\/www.riposodelvento.it\/wp-content\/uploads\/2016\/04\/bb-riposodelvento-trullo-cisternino-puglia.jpg\" class=\"img-responsive wp-image-5444\" srcset=\"https:\/\/www.riposodelvento.it\/wp-content\/uploads\/2016\/04\/bb-riposodelvento-trullo-cisternino-puglia-200x300.jpg 200w, https:\/\/www.riposodelvento.it\/wp-content\/uploads\/2016\/04\/bb-riposodelvento-trullo-cisternino-puglia.jpg 532w\" sizes=\"(max-width: 1105px) 100vw, 532px\" \/><\/span><\/div><div class=\"fusion-text fusion-text-3\"><p class=\"nascondi4\" style=\"padding-bottom: 50px; padding-top: 10px; text-align: center;\"><a href=\"https:\/\/www.riposodelvento.it\/servizi\/\" rel=\"attachment wp-att-4562\"><img decoding=\"async\" class=\"aligncenter size-full wp-image-4562\" src=\"https:\/\/www.riposodelvento.it\/wp-content\/uploads\/2016\/04\/tutti-i-servizi-gratuiti-compresi-nel-prezzo.png\" alt=\"Tutti i servizi gratuiti compresi nel prezzo del soggiorno\" width=\"562\" height=\"140\" srcset=\"https:\/\/www.riposodelvento.it\/wp-content\/uploads\/2016\/04\/tutti-i-servizi-gratuiti-compresi-nel-prezzo-300x75.png 300w, https:\/\/www.riposodelvento.it\/wp-content\/uploads\/2016\/04\/tutti-i-servizi-gratuiti-compresi-nel-prezzo.png 562w\" sizes=\"(max-width: 562px) 100vw, 562px\" \/><\/a><\/p>\n<\/div><div class=\"fusion-clearfix\"><\/div><\/div><\/div><div class=\"fusion-layout-column fusion_builder_column fusion-builder-column-2 fusion_builder_column_1_1 1_1 fusion-one-full fusion-column-first fusion-column-last fusion-column-no-min-height\" style=\"margin-top:0px;margin-bottom:0px;\"><div class=\"fusion-column-wrapper fusion-flex-column-wrapper-legacy\" style=\"background-position:left top;background-repeat:no-repeat;-webkit-background-size:cover;-moz-background-size:cover;-o-background-size:cover;background-size:cover;padding: 0px 0px 0px 0px;\"><div class=\"fusion-sep-clear\"><\/div><div class=\"fusion-separator fusion-full-width-sep\" style=\"margin-left: auto;margin-right: auto;margin-bottom:90px;width:100%;\" id=\"breakfast-included\"><\/div><div class=\"fusion-sep-clear\"><\/div><div class=\"fusion-text fusion-text-4\">\n\t\t<style type=\"text\/css\">\n\t\t\t#gallery-1 {\n\t\t\t\tmargin: auto;\n\t\t\t}\n\t\t\t#gallery-1 .gallery-item {\n\t\t\t\tfloat: left;\n\t\t\t\tmargin-top: 10px;\n\t\t\t\ttext-align: center;\n\t\t\t\twidth: 25%;\n\t\t\t}\n\t\t\t#gallery-1 img {\n\t\t\t\tborder: 2px solid #cfcfcf;\n\t\t\t}\n\t\t\t#gallery-1 .gallery-caption {\n\t\t\t\tmargin-left: 0;\n\t\t\t}\n\t\t\t\/* see gallery_shortcode() in wp-includes\/media.php *\/\n\t\t<\/style>\n\t\t<div id='gallery-1' class='gallery galleryid-5181 gallery-columns-4 gallery-size-thumbnail'><dl class='gallery-item'>\n\t\t\t<dt class='gallery-icon landscape'>\n\t\t\t\t<a data-rel=\"iLightbox[postimages]\" data-title=\"Trulli e lamie il complesso di edifici rurali tipici pugliesi per turisti\" data-caption=\"\" href='https:\/\/www.riposodelvento.it\/wp-content\/uploads\/2016\/04\/trulli-e-lamie-il-complesso-di-edifici-rurali-tipici-pugliesi.jpg'><img decoding=\"async\" width=\"150\" height=\"150\" src=\"https:\/\/www.riposodelvento.it\/wp-content\/uploads\/2016\/04\/trulli-e-lamie-il-complesso-di-edifici-rurali-tipici-pugliesi-150x150.jpg\" class=\"attachment-thumbnail size-thumbnail\" alt=\"\" srcset=\"https:\/\/www.riposodelvento.it\/wp-content\/uploads\/2016\/04\/trulli-e-lamie-il-complesso-di-edifici-rurali-tipici-pugliesi-66x66.jpg 66w, https:\/\/www.riposodelvento.it\/wp-content\/uploads\/2016\/04\/trulli-e-lamie-il-complesso-di-edifici-rurali-tipici-pugliesi-150x150.jpg 150w\" sizes=\"(max-width: 150px) 100vw, 150px\" \/><\/a>\n\t\t\t<\/dt><\/dl><dl class='gallery-item'>\n\t\t\t<dt class='gallery-icon landscape'>\n\t\t\t\t<a data-rel=\"iLightbox[postimages]\" data-title=\"intermo-trullo-per-turisti-scala-a-pioli\" data-caption=\"\" href='https:\/\/www.riposodelvento.it\/wp-content\/uploads\/2016\/04\/intermo-trullo-per-turisti-scala-a-pioli.jpg'><img decoding=\"async\" width=\"150\" height=\"150\" src=\"https:\/\/www.riposodelvento.it\/wp-content\/uploads\/2016\/04\/intermo-trullo-per-turisti-scala-a-pioli-150x150.jpg\" class=\"attachment-thumbnail size-thumbnail\" alt=\"\" srcset=\"https:\/\/www.riposodelvento.it\/wp-content\/uploads\/2016\/04\/intermo-trullo-per-turisti-scala-a-pioli-66x66.jpg 66w, https:\/\/www.riposodelvento.it\/wp-content\/uploads\/2016\/04\/intermo-trullo-per-turisti-scala-a-pioli-150x150.jpg 150w\" sizes=\"(max-width: 150px) 100vw, 150px\" \/><\/a>\n\t\t\t<\/dt><\/dl><dl class='gallery-item'>\n\t\t\t<dt class='gallery-icon landscape'>\n\t\t\t\t<a data-rel=\"iLightbox[postimages]\" data-title=\"camera-in-trullo-originale-ristrutturato\" data-caption=\"\" href='https:\/\/www.riposodelvento.it\/wp-content\/uploads\/2016\/04\/camera-in-trullo-originale-ristrutturato.jpg'><img decoding=\"async\" width=\"150\" height=\"150\" src=\"https:\/\/www.riposodelvento.it\/wp-content\/uploads\/2016\/04\/camera-in-trullo-originale-ristrutturato-150x150.jpg\" class=\"attachment-thumbnail size-thumbnail\" alt=\"\" srcset=\"https:\/\/www.riposodelvento.it\/wp-content\/uploads\/2016\/04\/camera-in-trullo-originale-ristrutturato-66x66.jpg 66w, https:\/\/www.riposodelvento.it\/wp-content\/uploads\/2016\/04\/camera-in-trullo-originale-ristrutturato-150x150.jpg 150w\" sizes=\"(max-width: 150px) 100vw, 150px\" \/><\/a>\n\t\t\t<\/dt><\/dl><dl class='gallery-item'>\n\t\t\t<dt class='gallery-icon landscape'>\n\t\t\t\t<a data-rel=\"iLightbox[postimages]\" data-title=\"bagno-privato-camera-in-trullo-ristrutturato\" data-caption=\"\" href='https:\/\/www.riposodelvento.it\/wp-content\/uploads\/2016\/04\/bagno-privato-camera-in-trullo-ristrutturato.jpg'><img decoding=\"async\" width=\"150\" height=\"150\" src=\"https:\/\/www.riposodelvento.it\/wp-content\/uploads\/2016\/04\/bagno-privato-camera-in-trullo-ristrutturato-150x150.jpg\" class=\"attachment-thumbnail size-thumbnail\" alt=\"\" srcset=\"https:\/\/www.riposodelvento.it\/wp-content\/uploads\/2016\/04\/bagno-privato-camera-in-trullo-ristrutturato-66x66.jpg 66w, https:\/\/www.riposodelvento.it\/wp-content\/uploads\/2016\/04\/bagno-privato-camera-in-trullo-ristrutturato-150x150.jpg 150w\" sizes=\"(max-width: 150px) 100vw, 150px\" \/><\/a>\n\t\t\t<\/dt><\/dl><br style=\"clear: both\" \/><dl class='gallery-item'>\n\t\t\t<dt class='gallery-icon landscape'>\n\t\t\t\t<a data-rel=\"iLightbox[postimages]\" data-title=\"camera-matrimoniale-in-trullo\" data-caption=\"\" href='https:\/\/www.riposodelvento.it\/wp-content\/uploads\/2016\/04\/camera-matrimoniale-in-trullo.jpg'><img decoding=\"async\" width=\"150\" height=\"150\" src=\"https:\/\/www.riposodelvento.it\/wp-content\/uploads\/2016\/04\/camera-matrimoniale-in-trullo-150x150.jpg\" class=\"attachment-thumbnail size-thumbnail\" alt=\"\" srcset=\"https:\/\/www.riposodelvento.it\/wp-content\/uploads\/2016\/04\/camera-matrimoniale-in-trullo-66x66.jpg 66w, https:\/\/www.riposodelvento.it\/wp-content\/uploads\/2016\/04\/camera-matrimoniale-in-trullo-150x150.jpg 150w\" sizes=\"(max-width: 150px) 100vw, 150px\" \/><\/a>\n\t\t\t<\/dt><\/dl><dl class='gallery-item'>\n\t\t\t<dt class='gallery-icon landscape'>\n\t\t\t\t<a data-rel=\"iLightbox[postimages]\" data-title=\"bagno-trullo-bnb-cisternino-puglia\" data-caption=\"\" href='https:\/\/www.riposodelvento.it\/wp-content\/uploads\/2016\/04\/bagno-trullo-bnb-cisternino-puglia.jpg'><img decoding=\"async\" width=\"150\" height=\"150\" src=\"https:\/\/www.riposodelvento.it\/wp-content\/uploads\/2016\/04\/bagno-trullo-bnb-cisternino-puglia-150x150.jpg\" class=\"attachment-thumbnail size-thumbnail\" alt=\"\" srcset=\"https:\/\/www.riposodelvento.it\/wp-content\/uploads\/2016\/04\/bagno-trullo-bnb-cisternino-puglia-66x66.jpg 66w, https:\/\/www.riposodelvento.it\/wp-content\/uploads\/2016\/04\/bagno-trullo-bnb-cisternino-puglia-150x150.jpg 150w\" sizes=\"(max-width: 150px) 100vw, 150px\" \/><\/a>\n\t\t\t<\/dt><\/dl><dl class='gallery-item'>\n\t\t\t<dt class='gallery-icon landscape'>\n\t\t\t\t<a data-rel=\"iLightbox[postimages]\" data-title=\"arredi-originali-trullo-pugliese\" data-caption=\"\" href='https:\/\/www.riposodelvento.it\/wp-content\/uploads\/2016\/04\/arredi-originali-trullo-pugliese.jpg'><img decoding=\"async\" width=\"150\" height=\"150\" src=\"https:\/\/www.riposodelvento.it\/wp-content\/uploads\/2016\/04\/arredi-originali-trullo-pugliese-150x150.jpg\" class=\"attachment-thumbnail size-thumbnail\" alt=\"\" srcset=\"https:\/\/www.riposodelvento.it\/wp-content\/uploads\/2016\/04\/arredi-originali-trullo-pugliese-66x66.jpg 66w, https:\/\/www.riposodelvento.it\/wp-content\/uploads\/2016\/04\/arredi-originali-trullo-pugliese-150x150.jpg 150w\" sizes=\"(max-width: 150px) 100vw, 150px\" \/><\/a>\n\t\t\t<\/dt><\/dl><dl class='gallery-item'>\n\t\t\t<dt class='gallery-icon landscape'>\n\t\t\t\t<a data-rel=\"iLightbox[postimages]\" data-title=\"camino-trullo-ceramiche-pugliesi\" data-caption=\"\" href='https:\/\/www.riposodelvento.it\/wp-content\/uploads\/2016\/04\/camino-trullo-ceramiche-pugliesi.jpg'><img decoding=\"async\" width=\"150\" height=\"150\" src=\"https:\/\/www.riposodelvento.it\/wp-content\/uploads\/2016\/04\/camino-trullo-ceramiche-pugliesi-150x150.jpg\" class=\"attachment-thumbnail size-thumbnail\" alt=\"\" srcset=\"https:\/\/www.riposodelvento.it\/wp-content\/uploads\/2016\/04\/camino-trullo-ceramiche-pugliesi-66x66.jpg 66w, https:\/\/www.riposodelvento.it\/wp-content\/uploads\/2016\/04\/camino-trullo-ceramiche-pugliesi-150x150.jpg 150w\" sizes=\"(max-width: 150px) 100vw, 150px\" \/><\/a>\n\t\t\t<\/dt><\/dl><br style=\"clear: both\" \/><dl class='gallery-item'>\n\t\t\t<dt class='gallery-icon landscape'>\n\t\t\t\t<a data-rel=\"iLightbox[postimages]\" data-title=\"appartamento-turistico-accessoriato-in-trullo\" data-caption=\"\" href='https:\/\/www.riposodelvento.it\/wp-content\/uploads\/2016\/04\/appartamento-turistico-accessoriato-in-trullo.jpg'><img decoding=\"async\" width=\"150\" height=\"150\" src=\"https:\/\/www.riposodelvento.it\/wp-content\/uploads\/2016\/04\/appartamento-turistico-accessoriato-in-trullo-150x150.jpg\" class=\"attachment-thumbnail size-thumbnail\" alt=\"\" srcset=\"https:\/\/www.riposodelvento.it\/wp-content\/uploads\/2016\/04\/appartamento-turistico-accessoriato-in-trullo-66x66.jpg 66w, https:\/\/www.riposodelvento.it\/wp-content\/uploads\/2016\/04\/appartamento-turistico-accessoriato-in-trullo-150x150.jpg 150w\" sizes=\"(max-width: 150px) 100vw, 150px\" \/><\/a>\n\t\t\t<\/dt><\/dl><dl class='gallery-item'>\n\t\t\t<dt class='gallery-icon landscape'>\n\t\t\t\t<a data-rel=\"iLightbox[postimages]\" data-title=\"cucina-appartamento-in-trullo\" data-caption=\"\" href='https:\/\/www.riposodelvento.it\/wp-content\/uploads\/2016\/04\/cucina-appartamento-in-trullo.jpg'><img decoding=\"async\" width=\"150\" height=\"150\" src=\"https:\/\/www.riposodelvento.it\/wp-content\/uploads\/2016\/04\/cucina-appartamento-in-trullo-150x150.jpg\" class=\"attachment-thumbnail size-thumbnail\" alt=\"\" srcset=\"https:\/\/www.riposodelvento.it\/wp-content\/uploads\/2016\/04\/cucina-appartamento-in-trullo-66x66.jpg 66w, https:\/\/www.riposodelvento.it\/wp-content\/uploads\/2016\/04\/cucina-appartamento-in-trullo-150x150.jpg 150w\" sizes=\"(max-width: 150px) 100vw, 150px\" \/><\/a>\n\t\t\t<\/dt><\/dl><dl class='gallery-item'>\n\t\t\t<dt class='gallery-icon landscape'>\n\t\t\t\t<a data-rel=\"iLightbox[postimages]\" data-title=\"alloggi-inTrullo-originale-puglia\" data-caption=\"\" href='https:\/\/www.riposodelvento.it\/wp-content\/uploads\/2016\/04\/alloggi-inTrullo-originale-puglia.jpg'><img decoding=\"async\" width=\"150\" height=\"150\" src=\"https:\/\/www.riposodelvento.it\/wp-content\/uploads\/2016\/04\/alloggi-inTrullo-originale-puglia-150x150.jpg\" class=\"attachment-thumbnail size-thumbnail\" alt=\"\" srcset=\"https:\/\/www.riposodelvento.it\/wp-content\/uploads\/2016\/04\/alloggi-inTrullo-originale-puglia-66x66.jpg 66w, https:\/\/www.riposodelvento.it\/wp-content\/uploads\/2016\/04\/alloggi-inTrullo-originale-puglia-150x150.jpg 150w\" sizes=\"(max-width: 150px) 100vw, 150px\" \/><\/a>\n\t\t\t<\/dt><\/dl><dl class='gallery-item'>\n\t\t\t<dt class='gallery-icon landscape'>\n\t\t\t\t<a data-rel=\"iLightbox[postimages]\" data-title=\"affitta-trullo-originale-per-turisti\" data-caption=\"\" href='https:\/\/www.riposodelvento.it\/wp-content\/uploads\/2016\/04\/affitta-trullo-originale-per-turisti.jpg'><img decoding=\"async\" width=\"150\" height=\"150\" src=\"https:\/\/www.riposodelvento.it\/wp-content\/uploads\/2016\/04\/affitta-trullo-originale-per-turisti-150x150.jpg\" class=\"attachment-thumbnail size-thumbnail\" alt=\"\" srcset=\"https:\/\/www.riposodelvento.it\/wp-content\/uploads\/2016\/04\/affitta-trullo-originale-per-turisti-66x66.jpg 66w, https:\/\/www.riposodelvento.it\/wp-content\/uploads\/2016\/04\/affitta-trullo-originale-per-turisti-150x150.jpg 150w\" sizes=\"(max-width: 150px) 100vw, 150px\" \/><\/a>\n\t\t\t<\/dt><\/dl><br style=\"clear: both\" \/>\n\t\t<\/div>\n\n<\/div><div class=\"fusion-sep-clear\"><\/div><div class=\"fusion-separator fusion-full-width-sep\" style=\"margin-left: auto;margin-right: auto;margin-bottom:0px;width:100%;\" id=\"breakfast-included\"><\/div><div class=\"fusion-sep-clear\"><\/div><div class=\"fusion-clearfix\"><\/div><\/div><\/div><div class=\"fusion-layout-column fusion_builder_column fusion-builder-column-3 fusion_builder_column_1_1 1_1 fusion-one-full fusion-column-first fusion-column-last NO-testo-colonne special-border-bottom\" style=\"margin-top:0px;margin-bottom:0px;\"><div class=\"fusion-column-wrapper fusion-flex-column-wrapper-legacy\" style=\"background-position:left top;background-repeat:no-repeat;-webkit-background-size:cover;-moz-background-size:cover;-o-background-size:cover;background-size:cover;padding: 0px 0px 0px 0px;\"><div class=\"fusion-text fusion-text-5\"><p class=\"no-margin-bottom\"><img decoding=\"async\" class=\"aligncenter size-full wp-image-4313\" src=\"https:\/\/www.riposodelvento.it\/wp-content\/uploads\/2016\/04\/fiore-riposo-del-vento-2.png\" alt=\"Natura e tradizione al B&amp;B Riposo del Vento\" width=\"450\" height=\"82\" srcset=\"https:\/\/www.riposodelvento.it\/wp-content\/uploads\/2016\/04\/fiore-riposo-del-vento-2-300x55.png 300w, https:\/\/www.riposodelvento.it\/wp-content\/uploads\/2016\/04\/fiore-riposo-del-vento-2.png 450w\" sizes=\"(max-width: 450px) 100vw, 450px\" \/><\/p>\n<\/div><div class=\"fusion-clearfix\"><\/div><\/div><\/div><\/div><\/div><div class=\"fusion-fullwidth fullwidth-box fusion-builder-row-2 nonhundred-percent-fullwidth non-hundred-percent-height-scrolling\" style=\"background-color: rgba(255,255,255,0);background-position: left top;background-repeat: no-repeat;padding-top:30px;padding-right:0px;padding-bottom:0px;padding-left:0px;margin-bottom: 0px;margin-top: 0px;border-width: 0px 0px 0px 0px;border-color:#eae9e9;border-style:solid;\" id=\"lamia-doppia\" ><div class=\"fusion-builder-row fusion-row\"><div class=\"fusion-layout-column fusion_builder_column fusion-builder-column-4 fusion_builder_column_1_2 1_2 fusion-one-half fusion-column-first\" style=\"width:48%; margin-right: 4%;margin-top:0px;margin-bottom:20px;\"><div class=\"fusion-column-wrapper fusion-flex-column-wrapper-legacy\" style=\"background-position:left top;background-repeat:no-repeat;-webkit-background-size:cover;-moz-background-size:cover;-o-background-size:cover;background-size:cover;padding: 0px 0px 0px 0px;\"><div class=\"fusion-text fusion-text-6\"><h2 style=\"text-align: center; margin-bottom: 30px; line-height: 51px; font-size: 38px;\">La Lamia Double<\/h2>\n<\/div><div class=\"fusion-sep-clear\"><\/div><div class=\"fusion-separator\" style=\"margin-left: auto;margin-right: auto;margin-top:0px;margin-bottom:20px;width:100%;max-width:50px;\"><div class=\"fusion-separator-border sep-single sep-solid\" style=\"border-color:#cbaa5c;border-top-width:1px;\"><\/div><\/div><div class=\"fusion-sep-clear\"><\/div><div class=\"fusion-text fusion-text-7\"><h3 class=\"box-n-persone\">Id\u00e9ale pour <strong>4\/5<\/strong>\u00a0personnes<\/h3>\n<p>La <em>Lamia Double<\/em> est un appartement de deux pi\u00e8ces, compos\u00e9 de deux chambres doubles (ou une chambre double et une avec 2 lits simples) <strong>avec kitchenette et salle de bain<\/strong>. Il est surtout adapt\u00e9 pour des familles de 4\/5 personnes ou pour deux couples de bons amis.<\/p>\n<p>Dans une chambre, un lit simple peut \u00eatre ajout\u00e9 pour la cinqui\u00e8me personne.<\/p>\n<p>L&#8217;appartement est \u00e9quip\u00e9 de <strong>tout le confort et la kitchenette est dot\u00e9e d&#8217;un r\u00e9frig\u00e9rateur et d&#8217;un four<\/strong>; il y a une machine \u00e0 laver \u00e0 usage exclusif, ainsi que la climatisation, le chauffage avec des radiateurs, une t\u00e9l\u00e9vision LCD, un acc\u00e8s sans fil \u00e0 Internet et le linge de maison inclus.<\/p>\n<p>\u00c0 l&#8217;ext\u00e9rieur, il dispose de <strong>deux pergolas, l&#8217;une avec des chaises longues et l&#8217;autre avec une table et un barbecue<\/strong>, qui peuvent \u00eatre utilis\u00e9es pour manger en ext\u00e9rieur et se d\u00e9tendre en toute intimit\u00e9.<\/p>\n<p>Il est situ\u00e9 <strong>pr\u00e8s de la piscine<\/strong>.<\/p>\n<p>Il n&#8217;a pas de c\u00f4ne mais le plafond vo\u00fbt\u00e9 typique des lamies.<\/p>\n<\/div><div class=\"fusion-clearfix\"><\/div><\/div><\/div><div class=\"fusion-layout-column fusion_builder_column fusion-builder-column-5 fusion_builder_column_1_2 1_2 fusion-one-half fusion-column-last\" style=\"width:48%;margin-top:0px;margin-bottom:20px;\"><div class=\"fusion-column-wrapper fusion-flex-column-wrapper-legacy\" style=\"background-position:left top;background-repeat:no-repeat;-webkit-background-size:cover;-moz-background-size:cover;-o-background-size:cover;background-size:cover;background-color:#ffffff;padding: 0px 0px 0px 0px;\"><div class=\"imageframe-align-center\"><span class=\" fusion-imageframe imageframe-dropshadow imageframe-2 hover-type-none\" style=\"border:13px solid #ffffff;-webkit-box-shadow: 3px 3px 7px rgba(0,0,0,0.3);box-shadow: 3px 3px 7px rgba(0,0,0,0.3);\"><img decoding=\"async\" width=\"684\" height=\"455\" alt=\"Lamia double Pouilles chambres d\" title=\"lamia doppia pugliese bed and breakfast Cisternino\" src=\"https:\/\/www.riposodelvento.it\/wp-content\/uploads\/2016\/04\/lamia-doppia-pugliese-bed-and-breakfast-Cisternino.jpg\" class=\"img-responsive wp-image-5504\" srcset=\"https:\/\/www.riposodelvento.it\/wp-content\/uploads\/2016\/04\/lamia-doppia-pugliese-bed-and-breakfast-Cisternino-300x200.jpg 300w, https:\/\/www.riposodelvento.it\/wp-content\/uploads\/2016\/04\/lamia-doppia-pugliese-bed-and-breakfast-Cisternino.jpg 684w\" sizes=\"(max-width: 684px) 100vw, 684px\" \/><\/span><\/div><div class=\"fusion-text fusion-text-8\"><p style=\"padding-bottom: 50px; padding-top: 50px; text-align: center;\"><a href=\"https:\/\/www.riposodelvento.it\/servizi\/\" rel=\"attachment wp-att-4562\"><img decoding=\"async\" class=\"aligncenter size-full wp-image-4562\" src=\"https:\/\/www.riposodelvento.it\/wp-content\/uploads\/2016\/04\/tutti-i-servizi-gratuiti-compresi-nel-prezzo.png\" alt=\"Tutti i servizi gratuiti compresi nel prezzo del soggiorno\" width=\"562\" height=\"140\" srcset=\"https:\/\/www.riposodelvento.it\/wp-content\/uploads\/2016\/04\/tutti-i-servizi-gratuiti-compresi-nel-prezzo-300x75.png 300w, https:\/\/www.riposodelvento.it\/wp-content\/uploads\/2016\/04\/tutti-i-servizi-gratuiti-compresi-nel-prezzo.png 562w\" sizes=\"(max-width: 562px) 100vw, 562px\" \/><\/a><\/p>\n<\/div><div class=\"fusion-clearfix\"><\/div><\/div><\/div><div class=\"fusion-layout-column fusion_builder_column fusion-builder-column-6 fusion_builder_column_1_1 1_1 fusion-one-full fusion-column-first fusion-column-last fusion-column-no-min-height\" style=\"margin-top:0px;margin-bottom:0px;\"><div class=\"fusion-column-wrapper fusion-flex-column-wrapper-legacy\" style=\"background-position:left top;background-repeat:no-repeat;-webkit-background-size:cover;-moz-background-size:cover;-o-background-size:cover;background-size:cover;padding: 0px 0px 0px 0px;\"><div class=\"fusion-sep-clear\"><\/div><div class=\"fusion-separator fusion-full-width-sep\" style=\"margin-left: auto;margin-right: auto;margin-bottom:60px;width:100%;\" id=\"breakfast-included\"><\/div><div class=\"fusion-sep-clear\"><\/div><div class=\"fusion-text fusion-text-9\">\n\t\t<style type=\"text\/css\">\n\t\t\t#gallery-2 {\n\t\t\t\tmargin: auto;\n\t\t\t}\n\t\t\t#gallery-2 .gallery-item {\n\t\t\t\tfloat: left;\n\t\t\t\tmargin-top: 10px;\n\t\t\t\ttext-align: center;\n\t\t\t\twidth: 25%;\n\t\t\t}\n\t\t\t#gallery-2 img {\n\t\t\t\tborder: 2px solid #cfcfcf;\n\t\t\t}\n\t\t\t#gallery-2 .gallery-caption {\n\t\t\t\tmargin-left: 0;\n\t\t\t}\n\t\t\t\/* see gallery_shortcode() in wp-includes\/media.php *\/\n\t\t<\/style>\n\t\t<div id='gallery-2' class='gallery galleryid-5181 gallery-columns-4 gallery-size-thumbnail'><dl class='gallery-item'>\n\t\t\t<dt class='gallery-icon landscape'>\n\t\t\t\t<a data-rel=\"iLightbox[postimages]\" data-title=\"lamia double entr\u00e9e cuisine \u00e9quip\u00e9e\" data-caption=\"\" href='https:\/\/www.riposodelvento.it\/wp-content\/uploads\/2019\/03\/lamia-doppia-ingresso-cucina-attrezzata.jpg'><img decoding=\"async\" width=\"150\" height=\"150\" src=\"https:\/\/www.riposodelvento.it\/wp-content\/uploads\/2019\/03\/lamia-doppia-ingresso-cucina-attrezzata-150x150.jpg\" class=\"attachment-thumbnail size-thumbnail\" alt=\"lamia double entr\u00e9e cuisine \u00e9quip\u00e9e\" srcset=\"https:\/\/www.riposodelvento.it\/wp-content\/uploads\/2019\/03\/lamia-doppia-ingresso-cucina-attrezzata-66x66.jpg 66w, https:\/\/www.riposodelvento.it\/wp-content\/uploads\/2019\/03\/lamia-doppia-ingresso-cucina-attrezzata-150x150.jpg 150w\" sizes=\"(max-width: 150px) 100vw, 150px\" \/><\/a>\n\t\t\t<\/dt><\/dl><dl class='gallery-item'>\n\t\t\t<dt class='gallery-icon landscape'>\n\t\t\t\t<a data-rel=\"iLightbox[postimages]\" data-title=\"lamia double table rustique\" data-caption=\"\" href='https:\/\/www.riposodelvento.it\/wp-content\/uploads\/2019\/03\/lamia-doppia-tavolo-rustico.jpg'><img decoding=\"async\" width=\"150\" height=\"150\" src=\"https:\/\/www.riposodelvento.it\/wp-content\/uploads\/2019\/03\/lamia-doppia-tavolo-rustico-150x150.jpg\" class=\"attachment-thumbnail size-thumbnail\" alt=\"lamia double table rustique\" srcset=\"https:\/\/www.riposodelvento.it\/wp-content\/uploads\/2019\/03\/lamia-doppia-tavolo-rustico-66x66.jpg 66w, https:\/\/www.riposodelvento.it\/wp-content\/uploads\/2019\/03\/lamia-doppia-tavolo-rustico-150x150.jpg 150w\" sizes=\"(max-width: 150px) 100vw, 150px\" \/><\/a>\n\t\t\t<\/dt><\/dl><dl class='gallery-item'>\n\t\t\t<dt class='gallery-icon landscape'>\n\t\t\t\t<a data-rel=\"iLightbox[postimages]\" data-title=\"double lamia avec lit \u00e0 baldaquin\" data-caption=\"\" href='https:\/\/www.riposodelvento.it\/wp-content\/uploads\/2019\/03\/lamia-doppia-letto-a-baldacchino.jpg'><img decoding=\"async\" width=\"150\" height=\"150\" src=\"https:\/\/www.riposodelvento.it\/wp-content\/uploads\/2019\/03\/lamia-doppia-letto-a-baldacchino-150x150.jpg\" class=\"attachment-thumbnail size-thumbnail\" alt=\"double lamia avec lit \u00e0 baldaquin\" srcset=\"https:\/\/www.riposodelvento.it\/wp-content\/uploads\/2019\/03\/lamia-doppia-letto-a-baldacchino-66x66.jpg 66w, https:\/\/www.riposodelvento.it\/wp-content\/uploads\/2019\/03\/lamia-doppia-letto-a-baldacchino-150x150.jpg 150w\" sizes=\"(max-width: 150px) 100vw, 150px\" \/><\/a>\n\t\t\t<\/dt><\/dl><dl class='gallery-item'>\n\t\t\t<dt class='gallery-icon landscape'>\n\t\t\t\t<a data-rel=\"iLightbox[postimages]\" data-title=\"lamia double double room\" data-caption=\"\" href='https:\/\/www.riposodelvento.it\/wp-content\/uploads\/2019\/03\/lamia-doppia-camera-doppia.jpg'><img decoding=\"async\" width=\"150\" height=\"150\" src=\"https:\/\/www.riposodelvento.it\/wp-content\/uploads\/2019\/03\/lamia-doppia-camera-doppia-150x150.jpg\" class=\"attachment-thumbnail size-thumbnail\" alt=\"lamia double double room\" srcset=\"https:\/\/www.riposodelvento.it\/wp-content\/uploads\/2019\/03\/lamia-doppia-camera-doppia-66x66.jpg 66w, https:\/\/www.riposodelvento.it\/wp-content\/uploads\/2019\/03\/lamia-doppia-camera-doppia-150x150.jpg 150w\" sizes=\"(max-width: 150px) 100vw, 150px\" \/><\/a>\n\t\t\t<\/dt><\/dl><br style=\"clear: both\" \/><dl class='gallery-item'>\n\t\t\t<dt class='gallery-icon portrait'>\n\t\t\t\t<a data-rel=\"iLightbox[postimages]\" data-title=\"double lamia avec bain calcaire\" data-caption=\"\" href='https:\/\/www.riposodelvento.it\/wp-content\/uploads\/2019\/03\/lamia-doppia-bagno-in-pietra-calcare.jpg'><img decoding=\"async\" width=\"150\" height=\"150\" src=\"https:\/\/www.riposodelvento.it\/wp-content\/uploads\/2019\/03\/lamia-doppia-bagno-in-pietra-calcare-150x150.jpg\" class=\"attachment-thumbnail size-thumbnail\" alt=\"double lamia avec bain calcaire\" srcset=\"https:\/\/www.riposodelvento.it\/wp-content\/uploads\/2019\/03\/lamia-doppia-bagno-in-pietra-calcare-66x66.jpg 66w, https:\/\/www.riposodelvento.it\/wp-content\/uploads\/2019\/03\/lamia-doppia-bagno-in-pietra-calcare-150x150.jpg 150w\" sizes=\"(max-width: 150px) 100vw, 150px\" \/><\/a>\n\t\t\t<\/dt><\/dl><dl class='gallery-item'>\n\t\t\t<dt class='gallery-icon portrait'>\n\t\t\t\t<a data-rel=\"iLightbox[postimages]\" data-title=\"lamia double acc\u00e8s pour handicap\u00e9s\" data-caption=\"\" href='https:\/\/www.riposodelvento.it\/wp-content\/uploads\/2019\/03\/lamia-doppia-accesso-per-disabili.jpg'><img decoding=\"async\" width=\"150\" height=\"150\" src=\"https:\/\/www.riposodelvento.it\/wp-content\/uploads\/2019\/03\/lamia-doppia-accesso-per-disabili-150x150.jpg\" class=\"attachment-thumbnail size-thumbnail\" alt=\"lamia double acc\u00e8s pour handicap\u00e9s\" srcset=\"https:\/\/www.riposodelvento.it\/wp-content\/uploads\/2019\/03\/lamia-doppia-accesso-per-disabili-66x66.jpg 66w, https:\/\/www.riposodelvento.it\/wp-content\/uploads\/2019\/03\/lamia-doppia-accesso-per-disabili-150x150.jpg 150w\" sizes=\"(max-width: 150px) 100vw, 150px\" \/><\/a>\n\t\t\t<\/dt><\/dl><dl class='gallery-item'>\n\t\t\t<dt class='gallery-icon landscape'>\n\t\t\t\t<a data-rel=\"iLightbox[postimages]\" data-title=\"ingresso-alla-lamia-grande-rustic-in-pietra-per-4-persone\" data-caption=\"\" href='https:\/\/www.riposodelvento.it\/wp-content\/uploads\/2016\/04\/ingresso-alla-lamia-grande-rustic-in-pietra-per-4-persone.jpg'><img decoding=\"async\" width=\"150\" height=\"150\" src=\"https:\/\/www.riposodelvento.it\/wp-content\/uploads\/2016\/04\/ingresso-alla-lamia-grande-rustic-in-pietra-per-4-persone-150x150.jpg\" class=\"attachment-thumbnail size-thumbnail\" alt=\"\" srcset=\"https:\/\/www.riposodelvento.it\/wp-content\/uploads\/2016\/04\/ingresso-alla-lamia-grande-rustic-in-pietra-per-4-persone-66x66.jpg 66w, https:\/\/www.riposodelvento.it\/wp-content\/uploads\/2016\/04\/ingresso-alla-lamia-grande-rustic-in-pietra-per-4-persone-150x150.jpg 150w\" sizes=\"(max-width: 150px) 100vw, 150px\" \/><\/a>\n\t\t\t<\/dt><\/dl><dl class='gallery-item'>\n\t\t\t<dt class='gallery-icon landscape'>\n\t\t\t\t<a data-rel=\"iLightbox[postimages]\" data-title=\"P1020117\" data-caption=\"\" href='https:\/\/www.riposodelvento.it\/wp-content\/uploads\/2016\/04\/P1020117.jpg'><img decoding=\"async\" width=\"150\" height=\"150\" src=\"https:\/\/www.riposodelvento.it\/wp-content\/uploads\/2016\/04\/P1020117-150x150.jpg\" class=\"attachment-thumbnail size-thumbnail\" alt=\"\" srcset=\"https:\/\/www.riposodelvento.it\/wp-content\/uploads\/2016\/04\/P1020117-66x66.jpg 66w, https:\/\/www.riposodelvento.it\/wp-content\/uploads\/2016\/04\/P1020117-150x150.jpg 150w\" sizes=\"(max-width: 150px) 100vw, 150px\" \/><\/a>\n\t\t\t<\/dt><\/dl><br style=\"clear: both\" \/><dl class='gallery-item'>\n\t\t\t<dt class='gallery-icon landscape'>\n\t\t\t\t<a data-rel=\"iLightbox[postimages]\" data-title=\"P1020056\" data-caption=\"\" href='https:\/\/www.riposodelvento.it\/wp-content\/uploads\/2016\/04\/P1020056.jpg'><img decoding=\"async\" width=\"150\" height=\"150\" src=\"https:\/\/www.riposodelvento.it\/wp-content\/uploads\/2016\/04\/P1020056-150x150.jpg\" class=\"attachment-thumbnail size-thumbnail\" alt=\"\" srcset=\"https:\/\/www.riposodelvento.it\/wp-content\/uploads\/2016\/04\/P1020056-66x66.jpg 66w, https:\/\/www.riposodelvento.it\/wp-content\/uploads\/2016\/04\/P1020056-150x150.jpg 150w\" sizes=\"(max-width: 150px) 100vw, 150px\" \/><\/a>\n\t\t\t<\/dt><\/dl><dl class='gallery-item'>\n\t\t\t<dt class='gallery-icon landscape'>\n\t\t\t\t<a data-rel=\"iLightbox[postimages]\" data-title=\"P1020054\" data-caption=\"\" href='https:\/\/www.riposodelvento.it\/wp-content\/uploads\/2016\/04\/P1020054.jpg'><img decoding=\"async\" width=\"150\" height=\"150\" src=\"https:\/\/www.riposodelvento.it\/wp-content\/uploads\/2016\/04\/P1020054-150x150.jpg\" class=\"attachment-thumbnail size-thumbnail\" alt=\"\" srcset=\"https:\/\/www.riposodelvento.it\/wp-content\/uploads\/2016\/04\/P1020054-66x66.jpg 66w, https:\/\/www.riposodelvento.it\/wp-content\/uploads\/2016\/04\/P1020054-150x150.jpg 150w\" sizes=\"(max-width: 150px) 100vw, 150px\" \/><\/a>\n\t\t\t<\/dt><\/dl><dl class='gallery-item'>\n\t\t\t<dt class='gallery-icon landscape'>\n\t\t\t\t<a data-rel=\"iLightbox[postimages]\" data-title=\"vista-dalla-terrazzza-d-ingresso-sul-giardino\" data-caption=\"\" href='https:\/\/www.riposodelvento.it\/wp-content\/uploads\/2016\/04\/vista-dalla-terrazzza-d-ingresso-sul-giardino.jpg'><img decoding=\"async\" width=\"150\" height=\"150\" src=\"https:\/\/www.riposodelvento.it\/wp-content\/uploads\/2016\/04\/vista-dalla-terrazzza-d-ingresso-sul-giardino-150x150.jpg\" class=\"attachment-thumbnail size-thumbnail\" alt=\"\" srcset=\"https:\/\/www.riposodelvento.it\/wp-content\/uploads\/2016\/04\/vista-dalla-terrazzza-d-ingresso-sul-giardino-66x66.jpg 66w, https:\/\/www.riposodelvento.it\/wp-content\/uploads\/2016\/04\/vista-dalla-terrazzza-d-ingresso-sul-giardino-150x150.jpg 150w\" sizes=\"(max-width: 150px) 100vw, 150px\" \/><\/a>\n\t\t\t<\/dt><\/dl><dl class='gallery-item'>\n\t\t\t<dt class='gallery-icon landscape'>\n\t\t\t\t<a data-rel=\"iLightbox[postimages]\" data-title=\"terrazza-posteriore\" data-caption=\"\" href='https:\/\/www.riposodelvento.it\/wp-content\/uploads\/2016\/04\/terrazza-posteriore.jpg'><img decoding=\"async\" width=\"150\" height=\"150\" src=\"https:\/\/www.riposodelvento.it\/wp-content\/uploads\/2016\/04\/terrazza-posteriore-150x150.jpg\" class=\"attachment-thumbnail size-thumbnail\" alt=\"\" srcset=\"https:\/\/www.riposodelvento.it\/wp-content\/uploads\/2016\/04\/terrazza-posteriore-66x66.jpg 66w, https:\/\/www.riposodelvento.it\/wp-content\/uploads\/2016\/04\/terrazza-posteriore-150x150.jpg 150w\" sizes=\"(max-width: 150px) 100vw, 150px\" \/><\/a>\n\t\t\t<\/dt><\/dl><br style=\"clear: both\" \/>\n\t\t<\/div>\n\n<\/div><div class=\"fusion-sep-clear\"><\/div><div class=\"fusion-separator fusion-full-width-sep\" style=\"margin-left: auto;margin-right: auto;margin-bottom:0px;width:100%;\" id=\"breakfast-included\"><\/div><div class=\"fusion-sep-clear\"><\/div><div class=\"fusion-clearfix\"><\/div><\/div><\/div><div class=\"fusion-layout-column fusion_builder_column fusion-builder-column-7 fusion_builder_column_1_1 1_1 fusion-one-full fusion-column-first fusion-column-last NO-testo-colonne special-border-bottom\" style=\"margin-top:0px;margin-bottom:70px;\"><div class=\"fusion-column-wrapper fusion-flex-column-wrapper-legacy\" style=\"background-position:left top;background-repeat:no-repeat;-webkit-background-size:cover;-moz-background-size:cover;-o-background-size:cover;background-size:cover;padding: 0px 0px 0px 0px;\"><div class=\"fusion-text fusion-text-10\"><p class=\"no-margin-bottom\"><img decoding=\"async\" class=\"aligncenter size-full wp-image-4313\" src=\"https:\/\/www.riposodelvento.it\/wp-content\/uploads\/2016\/04\/fiore-riposo-del-vento-2.png\" alt=\"Natura e tradizione al B&amp;B Riposo del Vento\" width=\"450\" height=\"82\" srcset=\"https:\/\/www.riposodelvento.it\/wp-content\/uploads\/2016\/04\/fiore-riposo-del-vento-2-300x55.png 300w, https:\/\/www.riposodelvento.it\/wp-content\/uploads\/2016\/04\/fiore-riposo-del-vento-2.png 450w\" sizes=\"(max-width: 450px) 100vw, 450px\" \/><\/p>\n<\/div><div class=\"fusion-clearfix\"><\/div><\/div><\/div><\/div><\/div><div class=\"fusion-fullwidth fullwidth-box fusion-builder-row-3 nonhundred-percent-fullwidth non-hundred-percent-height-scrolling\" style=\"background-color: rgba(255,255,255,0);background-position: left top;background-repeat: no-repeat;padding-top:30px;padding-right:0px;padding-bottom:0px;padding-left:0px;margin-bottom: 0px;margin-top: 0px;border-width: 0px 0px 0px 0px;border-color:#eae9e9;border-style:solid;\" id=\"lamia\" ><div class=\"fusion-builder-row fusion-row\"><div class=\"fusion-layout-column fusion_builder_column fusion-builder-column-8 fusion_builder_column_1_2 1_2 fusion-one-half fusion-column-first\" style=\"width:48%; margin-right: 4%;margin-top:0px;margin-bottom:20px;\"><div class=\"fusion-column-wrapper fusion-flex-column-wrapper-legacy\" style=\"background-position:left top;background-repeat:no-repeat;-webkit-background-size:cover;-moz-background-size:cover;-o-background-size:cover;background-size:cover;padding: 0px 0px 0px 0px;\"><div class=\"fusion-text fusion-text-11\"><h2 style=\"text-align: center; margin-bottom: 30px; line-height: 51px; font-size: 38px;\">La Lamia Rouge<\/h2>\n<\/div><div class=\"fusion-sep-clear\"><\/div><div class=\"fusion-separator\" style=\"margin-left: auto;margin-right: auto;margin-top:0px;margin-bottom:20px;width:100%;max-width:50px;\"><div class=\"fusion-separator-border sep-single sep-solid\" style=\"border-color:#cbaa5c;border-top-width:1px;\"><\/div><\/div><div class=\"fusion-sep-clear\"><\/div><div class=\"fusion-text fusion-text-12\"><h3 class=\"box-n-persone\">Id\u00e9ale pour <strong>2<\/strong> personnes<\/h3>\n<p>La <em>Lamia Rouge<\/em>\u00a0est une <strong>chambre double avec kitchenette et salle de bains priv\u00e9e<\/strong>.<\/p>\n<p>Le lit ne peut \u00eatre qu&#8217;un lit double. La kitchenette \u00e9quip\u00e9e comprend un r<strong>\u00e9frig\u00e9rateur et, en plus de la climatisation, elle dispose du chauffage avec des radiateurs, d&#8217;une t\u00e9l\u00e9vision LCD et du linge de maison inclus<\/strong>.<\/p>\n<p>C&#8217;est le plus petit logement de vacances mais c&#8217;est aussi <strong>la solution la plus caract\u00e9ristique et romantique<\/strong>. Parfaite pour un couple : pour un s\u00e9jour de quelques jours ou pour ceux qui l&#8217;utilisent surtout pour dormir. Il n&#8217;est pas recommand\u00e9 pour les longs s\u00e9jours.<\/p>\n<p>Elle n&#8217;a pas de c\u00f4ne mais le plafond vo\u00fbt\u00e9 typique des lamies.<\/p>\n<\/div><div class=\"fusion-clearfix\"><\/div><\/div><\/div><div class=\"fusion-layout-column fusion_builder_column fusion-builder-column-9 fusion_builder_column_1_2 1_2 fusion-one-half fusion-column-last\" style=\"width:48%;margin-top:0px;margin-bottom:20px;\"><div class=\"fusion-column-wrapper fusion-flex-column-wrapper-legacy\" style=\"background-position:left top;background-repeat:no-repeat;-webkit-background-size:cover;-moz-background-size:cover;-o-background-size:cover;background-size:cover;background-color:#ffffff;padding: 0px 0px 0px 0px;\"><div class=\"imageframe-align-center\"><span class=\" fusion-imageframe imageframe-dropshadow imageframe-3 hover-type-none\" style=\"border:13px solid #ffffff;-webkit-box-shadow: 3px 3px 7px rgba(0,0,0,0.3);box-shadow: 3px 3px 7px rgba(0,0,0,0.3);\"><img decoding=\"async\" width=\"800\" height=\"600\" alt=\"B &amp; B Riposo del Vento rouge lamia, ext\u00e9rieur avec puits et garage en pierre locale des Pouilles\" title=\"lamia-rossa-in-pietra-esterno-infissi-in-ferro-battuto\" src=\"https:\/\/www.riposodelvento.it\/wp-content\/uploads\/2016\/04\/lamia-rossa-in-pietra-esterno-infissi-in-ferro-battuto.jpg\" class=\"img-responsive wp-image-5501\" srcset=\"https:\/\/www.riposodelvento.it\/wp-content\/uploads\/2016\/04\/lamia-rossa-in-pietra-esterno-infissi-in-ferro-battuto-300x225.jpg 300w, https:\/\/www.riposodelvento.it\/wp-content\/uploads\/2016\/04\/lamia-rossa-in-pietra-esterno-infissi-in-ferro-battuto-768x576.jpg 768w, https:\/\/www.riposodelvento.it\/wp-content\/uploads\/2016\/04\/lamia-rossa-in-pietra-esterno-infissi-in-ferro-battuto.jpg 800w\" sizes=\"(max-width: 800px) 100vw, 800px\" \/><\/span><\/div><div class=\"fusion-clearfix\"><\/div><\/div><\/div><div class=\"fusion-layout-column fusion_builder_column fusion-builder-column-10 fusion_builder_column_1_1 1_1 fusion-one-full fusion-column-first fusion-column-last fusion-column-no-min-height\" style=\"margin-top:0px;margin-bottom:0px;\"><div class=\"fusion-column-wrapper fusion-flex-column-wrapper-legacy\" style=\"background-position:left top;background-repeat:no-repeat;-webkit-background-size:cover;-moz-background-size:cover;-o-background-size:cover;background-size:cover;padding: 0px 0px 0px 0px;\"><div class=\"fusion-sep-clear\"><\/div><div class=\"fusion-separator fusion-full-width-sep\" style=\"margin-left: auto;margin-right: auto;margin-bottom:60px;width:100%;\" id=\"breakfast-included\"><\/div><div class=\"fusion-sep-clear\"><\/div><div class=\"fusion-text fusion-text-13\">\n\t\t<style type=\"text\/css\">\n\t\t\t#gallery-3 {\n\t\t\t\tmargin: auto;\n\t\t\t}\n\t\t\t#gallery-3 .gallery-item {\n\t\t\t\tfloat: left;\n\t\t\t\tmargin-top: 10px;\n\t\t\t\ttext-align: center;\n\t\t\t\twidth: 25%;\n\t\t\t}\n\t\t\t#gallery-3 img {\n\t\t\t\tborder: 2px solid #cfcfcf;\n\t\t\t}\n\t\t\t#gallery-3 .gallery-caption {\n\t\t\t\tmargin-left: 0;\n\t\t\t}\n\t\t\t\/* see gallery_shortcode() in wp-includes\/media.php *\/\n\t\t<\/style>\n\t\t<div id='gallery-3' class='gallery galleryid-5181 gallery-columns-4 gallery-size-thumbnail'><dl class='gallery-item'>\n\t\t\t<dt class='gallery-icon landscape'>\n\t\t\t\t<a data-rel=\"iLightbox[postimages]\" data-title=\"borgo-turistico&#8211;trulli-e-lamie-cisternino-(Puglia)\" data-caption=\"\" href='https:\/\/www.riposodelvento.it\/wp-content\/uploads\/2016\/04\/borgo-turistico-trulli-e-lamie-cisternino-Puglia.jpg'><img decoding=\"async\" width=\"150\" height=\"150\" src=\"https:\/\/www.riposodelvento.it\/wp-content\/uploads\/2016\/04\/borgo-turistico-trulli-e-lamie-cisternino-Puglia-150x150.jpg\" class=\"attachment-thumbnail size-thumbnail\" alt=\"\" srcset=\"https:\/\/www.riposodelvento.it\/wp-content\/uploads\/2016\/04\/borgo-turistico-trulli-e-lamie-cisternino-Puglia-66x66.jpg 66w, https:\/\/www.riposodelvento.it\/wp-content\/uploads\/2016\/04\/borgo-turistico-trulli-e-lamie-cisternino-Puglia-150x150.jpg 150w\" sizes=\"(max-width: 150px) 100vw, 150px\" \/><\/a>\n\t\t\t<\/dt><\/dl><dl class='gallery-item'>\n\t\t\t<dt class='gallery-icon landscape'>\n\t\t\t\t<a data-rel=\"iLightbox[postimages]\" data-title=\"interno-lamia-arredi-tradizionali-pugliesi\" data-caption=\"\" href='https:\/\/www.riposodelvento.it\/wp-content\/uploads\/2016\/04\/interno-lamia-arredi-tradizionali-pugliesi.jpg'><img decoding=\"async\" width=\"150\" height=\"150\" src=\"https:\/\/www.riposodelvento.it\/wp-content\/uploads\/2016\/04\/interno-lamia-arredi-tradizionali-pugliesi-150x150.jpg\" class=\"attachment-thumbnail size-thumbnail\" alt=\"\" srcset=\"https:\/\/www.riposodelvento.it\/wp-content\/uploads\/2016\/04\/interno-lamia-arredi-tradizionali-pugliesi-66x66.jpg 66w, https:\/\/www.riposodelvento.it\/wp-content\/uploads\/2016\/04\/interno-lamia-arredi-tradizionali-pugliesi-150x150.jpg 150w\" sizes=\"(max-width: 150px) 100vw, 150px\" \/><\/a>\n\t\t\t<\/dt><\/dl><dl class='gallery-item'>\n\t\t\t<dt class='gallery-icon landscape'>\n\t\t\t\t<a data-rel=\"iLightbox[postimages]\" data-title=\"interno-lamia-arredi-in-legno-tradizionali-pugliesi\" data-caption=\"\" href='https:\/\/www.riposodelvento.it\/wp-content\/uploads\/2016\/04\/interno-lamia-arredi-in-legno-tradizionali-pugliesi.jpg'><img decoding=\"async\" width=\"150\" height=\"150\" src=\"https:\/\/www.riposodelvento.it\/wp-content\/uploads\/2016\/04\/interno-lamia-arredi-in-legno-tradizionali-pugliesi-150x150.jpg\" class=\"attachment-thumbnail size-thumbnail\" alt=\"\" srcset=\"https:\/\/www.riposodelvento.it\/wp-content\/uploads\/2016\/04\/interno-lamia-arredi-in-legno-tradizionali-pugliesi-66x66.jpg 66w, https:\/\/www.riposodelvento.it\/wp-content\/uploads\/2016\/04\/interno-lamia-arredi-in-legno-tradizionali-pugliesi-150x150.jpg 150w\" sizes=\"(max-width: 150px) 100vw, 150px\" \/><\/a>\n\t\t\t<\/dt><\/dl><dl class='gallery-item'>\n\t\t\t<dt class='gallery-icon landscape'>\n\t\t\t\t<a data-rel=\"iLightbox[postimages]\" data-title=\"angolo-cottura-lavandino-in-pietra-originale\" data-caption=\"\" href='https:\/\/www.riposodelvento.it\/wp-content\/uploads\/2016\/04\/angolo-cottura-lavandino-in-pietra-originale.jpg'><img decoding=\"async\" width=\"150\" height=\"150\" src=\"https:\/\/www.riposodelvento.it\/wp-content\/uploads\/2016\/04\/angolo-cottura-lavandino-in-pietra-originale-150x150.jpg\" class=\"attachment-thumbnail size-thumbnail\" alt=\"\" srcset=\"https:\/\/www.riposodelvento.it\/wp-content\/uploads\/2016\/04\/angolo-cottura-lavandino-in-pietra-originale-66x66.jpg 66w, https:\/\/www.riposodelvento.it\/wp-content\/uploads\/2016\/04\/angolo-cottura-lavandino-in-pietra-originale-150x150.jpg 150w\" sizes=\"(max-width: 150px) 100vw, 150px\" \/><\/a>\n\t\t\t<\/dt><\/dl><br style=\"clear: both\" \/><dl class='gallery-item'>\n\t\t\t<dt class='gallery-icon landscape'>\n\t\t\t\t<a data-rel=\"iLightbox[postimages]\" data-title=\"interno-lamia-con-camino-arredi-rustici\" data-caption=\"\" href='https:\/\/www.riposodelvento.it\/wp-content\/uploads\/2016\/04\/interno-lamia-con-camino-arredi-rustici.jpg'><img decoding=\"async\" width=\"150\" height=\"150\" src=\"https:\/\/www.riposodelvento.it\/wp-content\/uploads\/2016\/04\/interno-lamia-con-camino-arredi-rustici-150x150.jpg\" class=\"attachment-thumbnail size-thumbnail\" alt=\"\" srcset=\"https:\/\/www.riposodelvento.it\/wp-content\/uploads\/2016\/04\/interno-lamia-con-camino-arredi-rustici-66x66.jpg 66w, https:\/\/www.riposodelvento.it\/wp-content\/uploads\/2016\/04\/interno-lamia-con-camino-arredi-rustici-150x150.jpg 150w\" sizes=\"(max-width: 150px) 100vw, 150px\" \/><\/a>\n\t\t\t<\/dt><\/dl><dl class='gallery-item'>\n\t\t\t<dt class='gallery-icon landscape'>\n\t\t\t\t<a data-rel=\"iLightbox[postimages]\" data-title=\"bagno-privato-accessori-materiali-originali\" data-caption=\"\" href='https:\/\/www.riposodelvento.it\/wp-content\/uploads\/2016\/04\/bagno-privato-accessori-materiali-originali.jpg'><img decoding=\"async\" width=\"150\" height=\"150\" src=\"https:\/\/www.riposodelvento.it\/wp-content\/uploads\/2016\/04\/bagno-privato-accessori-materiali-originali-150x150.jpg\" class=\"attachment-thumbnail size-thumbnail\" alt=\"\" srcset=\"https:\/\/www.riposodelvento.it\/wp-content\/uploads\/2016\/04\/bagno-privato-accessori-materiali-originali-66x66.jpg 66w, https:\/\/www.riposodelvento.it\/wp-content\/uploads\/2016\/04\/bagno-privato-accessori-materiali-originali-150x150.jpg 150w\" sizes=\"(max-width: 150px) 100vw, 150px\" \/><\/a>\n\t\t\t<\/dt><\/dl><dl class='gallery-item'>\n\t\t\t<dt class='gallery-icon landscape'>\n\t\t\t\t<a data-rel=\"iLightbox[postimages]\" data-title=\"edifici-tipici-pugliesi-(lamie)-vista-posteriore-da-girdino\" data-caption=\"\" href='https:\/\/www.riposodelvento.it\/wp-content\/uploads\/2016\/04\/edifici-tipici-pugliesi-lamie-vista-posteriore-da-girdino.jpg'><img decoding=\"async\" width=\"150\" height=\"150\" src=\"https:\/\/www.riposodelvento.it\/wp-content\/uploads\/2016\/04\/edifici-tipici-pugliesi-lamie-vista-posteriore-da-girdino-150x150.jpg\" class=\"attachment-thumbnail size-thumbnail\" alt=\"\" srcset=\"https:\/\/www.riposodelvento.it\/wp-content\/uploads\/2016\/04\/edifici-tipici-pugliesi-lamie-vista-posteriore-da-girdino-66x66.jpg 66w, https:\/\/www.riposodelvento.it\/wp-content\/uploads\/2016\/04\/edifici-tipici-pugliesi-lamie-vista-posteriore-da-girdino-150x150.jpg 150w\" sizes=\"(max-width: 150px) 100vw, 150px\" \/><\/a>\n\t\t\t<\/dt><\/dl><dl class='gallery-item'>\n\t\t\t<dt class='gallery-icon landscape'>\n\t\t\t\t<a data-rel=\"iLightbox[postimages]\" data-title=\"B&#038;B Riposo del Vento lamia rossa, esterno con pozzo e rimessa in pietra locale pugliese\" data-caption=\"\" href='https:\/\/www.riposodelvento.it\/wp-content\/uploads\/2016\/04\/lamia-rossa-esterno-con-pozzo-e-rimessa-in-pietra-locale.jpg'><img decoding=\"async\" width=\"150\" height=\"150\" src=\"https:\/\/www.riposodelvento.it\/wp-content\/uploads\/2016\/04\/lamia-rossa-esterno-con-pozzo-e-rimessa-in-pietra-locale-150x150.jpg\" class=\"attachment-thumbnail size-thumbnail\" alt=\"\" srcset=\"https:\/\/www.riposodelvento.it\/wp-content\/uploads\/2016\/04\/lamia-rossa-esterno-con-pozzo-e-rimessa-in-pietra-locale-66x66.jpg 66w, https:\/\/www.riposodelvento.it\/wp-content\/uploads\/2016\/04\/lamia-rossa-esterno-con-pozzo-e-rimessa-in-pietra-locale-150x150.jpg 150w\" sizes=\"(max-width: 150px) 100vw, 150px\" \/><\/a>\n\t\t\t<\/dt><\/dl><br style=\"clear: both\" \/>\n\t\t<\/div>\n\n<\/div><div class=\"fusion-sep-clear\"><\/div><div class=\"fusion-separator fusion-full-width-sep\" style=\"margin-left: auto;margin-right: auto;margin-bottom:0px;width:100%;\" id=\"breakfast-included\"><\/div><div class=\"fusion-sep-clear\"><\/div><div class=\"fusion-clearfix\"><\/div><\/div><\/div><div class=\"fusion-layout-column fusion_builder_column fusion-builder-column-11 fusion_builder_column_1_1 1_1 fusion-one-full fusion-column-first fusion-column-last NO-testo-colonne special-border-bottom\" style=\"margin-top:0px;margin-bottom:70px;\"><div class=\"fusion-column-wrapper fusion-flex-column-wrapper-legacy\" style=\"background-position:left top;background-repeat:no-repeat;-webkit-background-size:cover;-moz-background-size:cover;-o-background-size:cover;background-size:cover;padding: 0px 0px 0px 0px;\"><div class=\"fusion-text fusion-text-14\"><p class=\"no-margin-bottom\"><img decoding=\"async\" class=\"aligncenter size-full wp-image-4313\" src=\"https:\/\/www.riposodelvento.it\/wp-content\/uploads\/2016\/04\/fiore-riposo-del-vento-2.png\" alt=\"Natura e tradizione al B&amp;B Riposo del Vento\" width=\"450\" height=\"82\" srcset=\"https:\/\/www.riposodelvento.it\/wp-content\/uploads\/2016\/04\/fiore-riposo-del-vento-2-300x55.png 300w, https:\/\/www.riposodelvento.it\/wp-content\/uploads\/2016\/04\/fiore-riposo-del-vento-2.png 450w\" sizes=\"(max-width: 450px) 100vw, 450px\" \/><\/p>\n<\/div><div class=\"fusion-clearfix\"><\/div><\/div><\/div><\/div><\/div><div class=\"fusion-fullwidth fullwidth-box fusion-builder-row-4 nonhundred-percent-fullwidth non-hundred-percent-height-scrolling\" style=\"background-color: rgba(255,255,255,0);background-position: left top;background-repeat: no-repeat;padding-top:30px;padding-right:0px;padding-bottom:0px;padding-left:0px;margin-bottom: 0px;margin-top: 0px;border-width: 0px 0px 0px 0px;border-color:#eae9e9;border-style:solid;\" ><div class=\"fusion-builder-row fusion-row\"><div class=\"fusion-layout-column fusion_builder_column fusion-builder-column-12 fusion_builder_column_1_2 1_2 fusion-one-half fusion-column-first\" style=\"width:48%; margin-right: 4%;margin-top:0px;margin-bottom:20px;\"><div class=\"fusion-column-wrapper fusion-flex-column-wrapper-legacy\" style=\"background-position:left top;background-repeat:no-repeat;-webkit-background-size:cover;-moz-background-size:cover;-o-background-size:cover;background-size:cover;padding: 0px 0px 0px 0px;\"><div class=\"fusion-text fusion-text-15\"><h2 style=\"text-align: center; margin-bottom: 30px; line-height: 51px; font-size: 38px;\">La Lamia Verte<\/h2>\n<\/div><div class=\"fusion-sep-clear\"><\/div><div class=\"fusion-separator\" style=\"margin-left: auto;margin-right: auto;margin-top:0px;margin-bottom:20px;width:100%;max-width:50px;\"><div class=\"fusion-separator-border sep-single sep-solid\" style=\"border-color:#cbaa5c;border-top-width:1px;\"><\/div><\/div><div class=\"fusion-sep-clear\"><\/div><div class=\"fusion-text fusion-text-16\"><h3 class=\"box-n-persone\">Id\u00e9ale pour <strong>2<\/strong> personnes<\/h3>\n<p>La<em> Lamia Verte<\/em> est une<strong> chambre double avec un coin cuisine et une salle de bain<\/strong>. Elle peut \u00eatre pr\u00e9par\u00e9e avec un<strong> lit double ou avec 2 lits simples s\u00e9par\u00e9s<\/strong>. Un <strong>lit b\u00e9b\u00e9 peut<\/strong> \u00eatre ajout\u00e9 dans la chambre.<\/p>\n<p>Le coin cuisine \u00e9quip\u00e9 comprend u<strong>n r\u00e9frig\u00e9rateur et, en plus de la climatisation, il dispose du chauffage avec des radiateurs, d&#8217;une t\u00e9l\u00e9vision LCD et du linge de lit inclus<\/strong>.<\/p>\n<p>\u00c0 l&#8217;ext\u00e9rieur, elle dispose d&#8217;une <strong>grande pergola avec une table et un canap\u00e9<\/strong>, offrant une belle<strong> vue sur l&#8217;oliveraie<\/strong>.<\/p>\n<p>Elle fait partie d&#8217;un trullo mais a un plafond en forme de carrosse sans c\u00f4ne.<\/p>\n<\/div><div class=\"fusion-clearfix\"><\/div><\/div><\/div><div class=\"fusion-layout-column fusion_builder_column fusion-builder-column-13 fusion_builder_column_1_2 1_2 fusion-one-half fusion-column-last\" style=\"width:48%;margin-top:0px;margin-bottom:20px;\"><div class=\"fusion-column-wrapper fusion-flex-column-wrapper-legacy\" style=\"background-position:left top;background-repeat:no-repeat;-webkit-background-size:cover;-moz-background-size:cover;-o-background-size:cover;background-size:cover;background-color:#ffffff;padding: 0px 0px 0px 0px;\"><div class=\"imageframe-align-center\"><span class=\" fusion-imageframe imageframe-dropshadow imageframe-4 hover-type-none\" style=\"border:13px solid #ffffff;-webkit-box-shadow: 3px 3px 7px rgba(0,0,0,0.3);box-shadow: 3px 3px 7px rgba(0,0,0,0.3);\"><img decoding=\"async\" width=\"800\" height=\"533\" alt=\"B &amp; B Riposo del Vento Ext\u00e9rieur lamia Verde \u00e0 louer pour les touristes avec chien sur le toit en pierre\" title=\"Esterno lamia con cane sul tetto\" src=\"https:\/\/www.riposodelvento.it\/wp-content\/uploads\/2016\/04\/esterno-lamia-con-cane-sul-tetto.jpg\" class=\"img-responsive wp-image-5489\" srcset=\"https:\/\/www.riposodelvento.it\/wp-content\/uploads\/2016\/04\/esterno-lamia-con-cane-sul-tetto-300x200.jpg 300w, https:\/\/www.riposodelvento.it\/wp-content\/uploads\/2016\/04\/esterno-lamia-con-cane-sul-tetto-768x512.jpg 768w, https:\/\/www.riposodelvento.it\/wp-content\/uploads\/2016\/04\/esterno-lamia-con-cane-sul-tetto.jpg 800w\" sizes=\"(max-width: 800px) 100vw, 800px\" \/><\/span><\/div><div class=\"fusion-clearfix\"><\/div><\/div><\/div><div class=\"fusion-layout-column fusion_builder_column fusion-builder-column-14 fusion_builder_column_1_1 1_1 fusion-one-full fusion-column-first fusion-column-last fusion-column-no-min-height\" style=\"margin-top:0px;margin-bottom:0px;\"><div class=\"fusion-column-wrapper fusion-flex-column-wrapper-legacy\" style=\"background-position:left top;background-repeat:no-repeat;-webkit-background-size:cover;-moz-background-size:cover;-o-background-size:cover;background-size:cover;padding: 0px 0px 0px 0px;\"><div class=\"fusion-sep-clear\"><\/div><div class=\"fusion-separator fusion-full-width-sep\" style=\"margin-left: auto;margin-right: auto;margin-bottom:60px;width:100%;\" id=\"breakfast-included\"><\/div><div class=\"fusion-sep-clear\"><\/div><div class=\"fusion-text fusion-text-17\">\n\t\t<style type=\"text\/css\">\n\t\t\t#gallery-4 {\n\t\t\t\tmargin: auto;\n\t\t\t}\n\t\t\t#gallery-4 .gallery-item {\n\t\t\t\tfloat: left;\n\t\t\t\tmargin-top: 10px;\n\t\t\t\ttext-align: center;\n\t\t\t\twidth: 25%;\n\t\t\t}\n\t\t\t#gallery-4 img {\n\t\t\t\tborder: 2px solid #cfcfcf;\n\t\t\t}\n\t\t\t#gallery-4 .gallery-caption {\n\t\t\t\tmargin-left: 0;\n\t\t\t}\n\t\t\t\/* see gallery_shortcode() in wp-includes\/media.php *\/\n\t\t<\/style>\n\t\t<div id='gallery-4' class='gallery galleryid-5181 gallery-columns-4 gallery-size-thumbnail'><dl class='gallery-item'>\n\t\t\t<dt class='gallery-icon portrait'>\n\t\t\t\t<a data-rel=\"iLightbox[postimages]\" data-title=\"tetto-a-cono-trullo-cisternino-puglia\" data-caption=\"\" href='https:\/\/www.riposodelvento.it\/wp-content\/uploads\/2016\/04\/tetto-a-cono-trullo-cisternino-puglia.jpg'><img decoding=\"async\" width=\"150\" height=\"150\" src=\"https:\/\/www.riposodelvento.it\/wp-content\/uploads\/2016\/04\/tetto-a-cono-trullo-cisternino-puglia-150x150.jpg\" class=\"attachment-thumbnail size-thumbnail\" alt=\"\" srcset=\"https:\/\/www.riposodelvento.it\/wp-content\/uploads\/2016\/04\/tetto-a-cono-trullo-cisternino-puglia-66x66.jpg 66w, https:\/\/www.riposodelvento.it\/wp-content\/uploads\/2016\/04\/tetto-a-cono-trullo-cisternino-puglia-150x150.jpg 150w\" sizes=\"(max-width: 150px) 100vw, 150px\" \/><\/a>\n\t\t\t<\/dt><\/dl><dl class='gallery-item'>\n\t\t\t<dt class='gallery-icon landscape'>\n\t\t\t\t<a data-rel=\"iLightbox[postimages]\" data-title=\"interno-lamia-originale-monolocale-bagno-e-cucinotto\" data-caption=\"\" href='https:\/\/www.riposodelvento.it\/wp-content\/uploads\/2016\/04\/interno-lamia-originale-monolocale-bagno-e-cucinotto.jpg'><img decoding=\"async\" width=\"150\" height=\"150\" src=\"https:\/\/www.riposodelvento.it\/wp-content\/uploads\/2016\/04\/interno-lamia-originale-monolocale-bagno-e-cucinotto-150x150.jpg\" class=\"attachment-thumbnail size-thumbnail\" alt=\"\" srcset=\"https:\/\/www.riposodelvento.it\/wp-content\/uploads\/2016\/04\/interno-lamia-originale-monolocale-bagno-e-cucinotto-66x66.jpg 66w, https:\/\/www.riposodelvento.it\/wp-content\/uploads\/2016\/04\/interno-lamia-originale-monolocale-bagno-e-cucinotto-150x150.jpg 150w\" sizes=\"(max-width: 150px) 100vw, 150px\" \/><\/a>\n\t\t\t<\/dt><\/dl><dl class='gallery-item'>\n\t\t\t<dt class='gallery-icon landscape'>\n\t\t\t\t<a data-rel=\"iLightbox[postimages]\" data-title=\"arredi-etnici-e-originali-tradizione-pugliese\" data-caption=\"\" href='https:\/\/www.riposodelvento.it\/wp-content\/uploads\/2016\/04\/arredi-etnici-e-originali-tradizione-pugliese.jpg'><img decoding=\"async\" width=\"150\" height=\"150\" src=\"https:\/\/www.riposodelvento.it\/wp-content\/uploads\/2016\/04\/arredi-etnici-e-originali-tradizione-pugliese-150x150.jpg\" class=\"attachment-thumbnail size-thumbnail\" alt=\"\" srcset=\"https:\/\/www.riposodelvento.it\/wp-content\/uploads\/2016\/04\/arredi-etnici-e-originali-tradizione-pugliese-66x66.jpg 66w, https:\/\/www.riposodelvento.it\/wp-content\/uploads\/2016\/04\/arredi-etnici-e-originali-tradizione-pugliese-150x150.jpg 150w\" sizes=\"(max-width: 150px) 100vw, 150px\" \/><\/a>\n\t\t\t<\/dt><\/dl><dl class='gallery-item'>\n\t\t\t<dt class='gallery-icon landscape'>\n\t\t\t\t<a data-rel=\"iLightbox[postimages]\" data-title=\"tradizionale-lamia-pugliese-in-pietra\" data-caption=\"\" href='https:\/\/www.riposodelvento.it\/wp-content\/uploads\/2016\/04\/tradizionale-lamia-pugliese-in-pietra.jpg'><img decoding=\"async\" width=\"150\" height=\"150\" src=\"https:\/\/www.riposodelvento.it\/wp-content\/uploads\/2016\/04\/tradizionale-lamia-pugliese-in-pietra-150x150.jpg\" class=\"attachment-thumbnail size-thumbnail\" alt=\"\" srcset=\"https:\/\/www.riposodelvento.it\/wp-content\/uploads\/2016\/04\/tradizionale-lamia-pugliese-in-pietra-66x66.jpg 66w, https:\/\/www.riposodelvento.it\/wp-content\/uploads\/2016\/04\/tradizionale-lamia-pugliese-in-pietra-150x150.jpg 150w\" sizes=\"(max-width: 150px) 100vw, 150px\" \/><\/a>\n\t\t\t<\/dt><\/dl><br style=\"clear: both\" \/><dl class='gallery-item'>\n\t\t\t<dt class='gallery-icon landscape'>\n\t\t\t\t<a data-rel=\"iLightbox[postimages]\" data-title=\"interno-volta-in-pietra-a-crocera\" data-caption=\"\" href='https:\/\/www.riposodelvento.it\/wp-content\/uploads\/2016\/04\/interno-volta-in-pietra-a-crocera.jpg'><img decoding=\"async\" width=\"150\" height=\"150\" src=\"https:\/\/www.riposodelvento.it\/wp-content\/uploads\/2016\/04\/interno-volta-in-pietra-a-crocera-150x150.jpg\" class=\"attachment-thumbnail size-thumbnail\" alt=\"\" srcset=\"https:\/\/www.riposodelvento.it\/wp-content\/uploads\/2016\/04\/interno-volta-in-pietra-a-crocera-66x66.jpg 66w, https:\/\/www.riposodelvento.it\/wp-content\/uploads\/2016\/04\/interno-volta-in-pietra-a-crocera-150x150.jpg 150w\" sizes=\"(max-width: 150px) 100vw, 150px\" \/><\/a>\n\t\t\t<\/dt><\/dl><dl class='gallery-item'>\n\t\t\t<dt class='gallery-icon landscape'>\n\t\t\t\t<a data-rel=\"iLightbox[postimages]\" data-title=\"bagno-soffitto-a-volta\" data-caption=\"\" href='https:\/\/www.riposodelvento.it\/wp-content\/uploads\/2016\/04\/bagno-soffitto-a-volta.jpg'><img decoding=\"async\" width=\"150\" height=\"150\" src=\"https:\/\/www.riposodelvento.it\/wp-content\/uploads\/2016\/04\/bagno-soffitto-a-volta-150x150.jpg\" class=\"attachment-thumbnail size-thumbnail\" alt=\"\" srcset=\"https:\/\/www.riposodelvento.it\/wp-content\/uploads\/2016\/04\/bagno-soffitto-a-volta-66x66.jpg 66w, https:\/\/www.riposodelvento.it\/wp-content\/uploads\/2016\/04\/bagno-soffitto-a-volta-150x150.jpg 150w\" sizes=\"(max-width: 150px) 100vw, 150px\" \/><\/a>\n\t\t\t<\/dt><\/dl><dl class='gallery-item'>\n\t\t\t<dt class='gallery-icon landscape'>\n\t\t\t\t<a data-rel=\"iLightbox[postimages]\" data-title=\"estermo-lamia-campagna-pugliese-relax\" data-caption=\"\" href='https:\/\/www.riposodelvento.it\/wp-content\/uploads\/2016\/04\/estermo-lamia-campagna-pugliese-relax.jpg'><img decoding=\"async\" width=\"150\" height=\"150\" src=\"https:\/\/www.riposodelvento.it\/wp-content\/uploads\/2016\/04\/estermo-lamia-campagna-pugliese-relax-150x150.jpg\" class=\"attachment-thumbnail size-thumbnail\" alt=\"\" srcset=\"https:\/\/www.riposodelvento.it\/wp-content\/uploads\/2016\/04\/estermo-lamia-campagna-pugliese-relax-66x66.jpg 66w, https:\/\/www.riposodelvento.it\/wp-content\/uploads\/2016\/04\/estermo-lamia-campagna-pugliese-relax-150x150.jpg 150w\" sizes=\"(max-width: 150px) 100vw, 150px\" \/><\/a>\n\t\t\t<\/dt><\/dl><dl class='gallery-item'>\n\t\t\t<dt class='gallery-icon landscape'>\n\t\t\t\t<a data-rel=\"iLightbox[postimages]\" data-title=\"Pergola esterna riservata agli ospiti della lamia pugliese\" data-caption=\"\" href='https:\/\/www.riposodelvento.it\/wp-content\/uploads\/2016\/04\/pergola-esterna-riservata-agli-ospiti-della-lamia-pugliese.jpg'><img decoding=\"async\" width=\"150\" height=\"150\" src=\"https:\/\/www.riposodelvento.it\/wp-content\/uploads\/2016\/04\/pergola-esterna-riservata-agli-ospiti-della-lamia-pugliese-150x150.jpg\" class=\"attachment-thumbnail size-thumbnail\" alt=\"\" srcset=\"https:\/\/www.riposodelvento.it\/wp-content\/uploads\/2016\/04\/pergola-esterna-riservata-agli-ospiti-della-lamia-pugliese-66x66.jpg 66w, https:\/\/www.riposodelvento.it\/wp-content\/uploads\/2016\/04\/pergola-esterna-riservata-agli-ospiti-della-lamia-pugliese-150x150.jpg 150w\" sizes=\"(max-width: 150px) 100vw, 150px\" \/><\/a>\n\t\t\t<\/dt><\/dl><br style=\"clear: both\" \/>\n\t\t<\/div>\n\n<\/div><div class=\"fusion-sep-clear\"><\/div><div class=\"fusion-separator fusion-full-width-sep\" style=\"margin-left: auto;margin-right: auto;margin-bottom:0px;width:100%;\" id=\"breakfast-included\"><\/div><div class=\"fusion-sep-clear\"><\/div><div class=\"fusion-clearfix\"><\/div><\/div><\/div><div class=\"fusion-layout-column fusion_builder_column fusion-builder-column-15 fusion_builder_column_1_1 1_1 fusion-one-full fusion-column-first fusion-column-last NO-testo-colonne special-border-bottom\" style=\"margin-top:0px;margin-bottom:70px;\"><div class=\"fusion-column-wrapper fusion-flex-column-wrapper-legacy\" style=\"background-position:left top;background-repeat:no-repeat;-webkit-background-size:cover;-moz-background-size:cover;-o-background-size:cover;background-size:cover;padding: 0px 0px 0px 0px;\"><div class=\"fusion-text fusion-text-18\"><p class=\"no-margin-bottom\"><img decoding=\"async\" class=\"aligncenter size-full wp-image-4313\" src=\"https:\/\/www.riposodelvento.it\/wp-content\/uploads\/2016\/04\/fiore-riposo-del-vento-2.png\" alt=\"Natura e tradizione al B&amp;B Riposo del Vento\" width=\"450\" height=\"82\" srcset=\"https:\/\/www.riposodelvento.it\/wp-content\/uploads\/2016\/04\/fiore-riposo-del-vento-2-300x55.png 300w, https:\/\/www.riposodelvento.it\/wp-content\/uploads\/2016\/04\/fiore-riposo-del-vento-2.png 450w\" sizes=\"(max-width: 450px) 100vw, 450px\" \/><\/p>\n<\/div><div class=\"fusion-clearfix\"><\/div><\/div><\/div><\/div><\/div><div class=\"fusion-fullwidth fullwidth-box fusion-builder-row-5 nonhundred-percent-fullwidth non-hundred-percent-height-scrolling\" style=\"background-color: rgba(255,255,255,0);background-position: left top;background-repeat: no-repeat;padding-top:30px;padding-right:0px;padding-bottom:0px;padding-left:0px;margin-bottom: 0px;margin-top: 0px;border-width: 0px 0px 0px 0px;border-color:#eae9e9;border-style:solid;\" ><div class=\"fusion-builder-row fusion-row\"><div class=\"fusion-layout-column fusion_builder_column fusion-builder-column-16 fusion_builder_column_1_2 1_2 fusion-one-half fusion-column-first\" style=\"width:48%; margin-right: 4%;margin-top:0px;margin-bottom:20px;\"><div class=\"fusion-column-wrapper fusion-flex-column-wrapper-legacy\" style=\"background-position:left top;background-repeat:no-repeat;-webkit-background-size:cover;-moz-background-size:cover;-o-background-size:cover;background-size:cover;padding: 0px 0px 0px 0px;\"><div class=\"fusion-text fusion-text-19\"><h2 style=\"text-align: center; margin-bottom: 30px; line-height: 51px; font-size: 38px;\">La Lamia Blanche<\/h2>\n<\/div><div class=\"fusion-sep-clear\"><\/div><div class=\"fusion-separator\" style=\"margin-left: auto;margin-right: auto;margin-top:0px;margin-bottom:20px;width:100%;max-width:50px;\"><div class=\"fusion-separator-border sep-single sep-solid\" style=\"border-color:#cbaa5c;border-top-width:1px;\"><\/div><\/div><div class=\"fusion-sep-clear\"><\/div><div class=\"fusion-text fusion-text-20\"><h3 class=\"box-n-persone\">Id\u00e9ale pour <strong>2\/3<\/strong> personnes<\/h3>\n<p>La <em>Lamia Blanche<\/em>\u00a0est une <strong>chambre double avec coin cuisine et salle de bain<\/strong>. Elle peut \u00eatre pr\u00e9par\u00e9e avec un lit double ou avec 2 lits simples s\u00e9par\u00e9s.<\/p>\n<p>Dans cette chambre, il <strong>est possible d&#8217;ajouter un lit simple<\/strong>, mais l&#8217;espace sera alors un peu \u00e9troit. La meilleure solution pour trois personnes est de louer la <a href=\"#lamia-doppia\"><em>Lamia Double<\/em><\/a> ou la <a href=\"#lamia-la-caseddhe\"><em>Lamia La Caseddhe<\/em><\/a>.<\/p>\n<p>Le coin cuisine \u00e9quip\u00e9 est dot\u00e9 d&#8217;un r\u00e9frig\u00e9rateur et, en plus de la climatisation, dispose du chauffage avec des radiateurs, d&#8217;une t\u00e9l\u00e9vision LCD et du linge de lit inclus.<\/p>\n<p>Elle fait partie d&#8217;un trullo mais a un plafond en forme de carrosse sans c\u00f4ne.<\/p>\n<\/div><div class=\"fusion-clearfix\"><\/div><\/div><\/div><div class=\"fusion-layout-column fusion_builder_column fusion-builder-column-17 fusion_builder_column_1_2 1_2 fusion-one-half fusion-column-last\" style=\"width:48%;margin-top:0px;margin-bottom:20px;\"><div class=\"fusion-column-wrapper fusion-flex-column-wrapper-legacy\" style=\"background-position:left top;background-repeat:no-repeat;-webkit-background-size:cover;-moz-background-size:cover;-o-background-size:cover;background-size:cover;background-color:#ffffff;padding: 0px 0px 0px 0px;\"><div class=\"imageframe-align-center\"><span class=\" fusion-imageframe imageframe-dropshadow imageframe-5 hover-type-none\" style=\"border:13px solid #ffffff;-webkit-box-shadow: 3px 3px 7px rgba(0,0,0,0.3);box-shadow: 3px 3px 7px rgba(0,0,0,0.3);\"><img decoding=\"async\" width=\"800\" height=\"533\" alt=\"Panorama paysage naturel autour de lamie et trulli \u00e0 la disposition des invit\u00e9s du B &amp; B\" title=\"Panorama paesaggio naturale intorno lamie e i trulli a disposizione degli ospiti del B&#038;B\" src=\"https:\/\/www.riposodelvento.it\/wp-content\/uploads\/2016\/04\/panorama-paesaggio-naturale-intorno-lamia.jpg\" class=\"img-responsive wp-image-5481\" srcset=\"https:\/\/www.riposodelvento.it\/wp-content\/uploads\/2016\/04\/panorama-paesaggio-naturale-intorno-lamia-300x200.jpg 300w, https:\/\/www.riposodelvento.it\/wp-content\/uploads\/2016\/04\/panorama-paesaggio-naturale-intorno-lamia-768x512.jpg 768w, https:\/\/www.riposodelvento.it\/wp-content\/uploads\/2016\/04\/panorama-paesaggio-naturale-intorno-lamia.jpg 800w\" sizes=\"(max-width: 800px) 100vw, 800px\" \/><\/span><\/div><div class=\"fusion-clearfix\"><\/div><\/div><\/div><div class=\"fusion-layout-column fusion_builder_column fusion-builder-column-18 fusion_builder_column_1_1 1_1 fusion-one-full fusion-column-first fusion-column-last fusion-column-no-min-height\" style=\"margin-top:0px;margin-bottom:0px;\"><div class=\"fusion-column-wrapper fusion-flex-column-wrapper-legacy\" style=\"background-position:left top;background-repeat:no-repeat;-webkit-background-size:cover;-moz-background-size:cover;-o-background-size:cover;background-size:cover;padding: 0px 0px 0px 0px;\"><div class=\"fusion-sep-clear\"><\/div><div class=\"fusion-separator fusion-full-width-sep\" style=\"margin-left: auto;margin-right: auto;margin-bottom:60px;width:100%;\" id=\"breakfast-included\"><\/div><div class=\"fusion-sep-clear\"><\/div><div class=\"fusion-text fusion-text-21\">\n\t\t<style type=\"text\/css\">\n\t\t\t#gallery-5 {\n\t\t\t\tmargin: auto;\n\t\t\t}\n\t\t\t#gallery-5 .gallery-item {\n\t\t\t\tfloat: left;\n\t\t\t\tmargin-top: 10px;\n\t\t\t\ttext-align: center;\n\t\t\t\twidth: 25%;\n\t\t\t}\n\t\t\t#gallery-5 img {\n\t\t\t\tborder: 2px solid #cfcfcf;\n\t\t\t}\n\t\t\t#gallery-5 .gallery-caption {\n\t\t\t\tmargin-left: 0;\n\t\t\t}\n\t\t\t\/* see gallery_shortcode() in wp-includes\/media.php *\/\n\t\t<\/style>\n\t\t<div id='gallery-5' class='gallery galleryid-5181 gallery-columns-4 gallery-size-thumbnail'><dl class='gallery-item'>\n\t\t\t<dt class='gallery-icon landscape'>\n\t\t\t\t<a data-rel=\"iLightbox[postimages]\" data-title=\"tipica-lamia-volta-a-croce\" data-caption=\"\" href='https:\/\/www.riposodelvento.it\/wp-content\/uploads\/2016\/04\/tipica-lamia-volta-a-croce.jpg'><img decoding=\"async\" width=\"150\" height=\"150\" src=\"https:\/\/www.riposodelvento.it\/wp-content\/uploads\/2016\/04\/tipica-lamia-volta-a-croce-150x150.jpg\" class=\"attachment-thumbnail size-thumbnail\" alt=\"\" srcset=\"https:\/\/www.riposodelvento.it\/wp-content\/uploads\/2016\/04\/tipica-lamia-volta-a-croce-66x66.jpg 66w, https:\/\/www.riposodelvento.it\/wp-content\/uploads\/2016\/04\/tipica-lamia-volta-a-croce-150x150.jpg 150w\" sizes=\"(max-width: 150px) 100vw, 150px\" \/><\/a>\n\t\t\t<\/dt><\/dl><dl class='gallery-item'>\n\t\t\t<dt class='gallery-icon landscape'>\n\t\t\t\t<a data-rel=\"iLightbox[postimages]\" data-title=\"lamia-arredo-rustico-pugliese\" data-caption=\"\" href='https:\/\/www.riposodelvento.it\/wp-content\/uploads\/2016\/04\/lamia-arredo-rustico-pugliese.jpg'><img decoding=\"async\" width=\"150\" height=\"150\" src=\"https:\/\/www.riposodelvento.it\/wp-content\/uploads\/2016\/04\/lamia-arredo-rustico-pugliese-150x150.jpg\" class=\"attachment-thumbnail size-thumbnail\" alt=\"\" srcset=\"https:\/\/www.riposodelvento.it\/wp-content\/uploads\/2016\/04\/lamia-arredo-rustico-pugliese-66x66.jpg 66w, https:\/\/www.riposodelvento.it\/wp-content\/uploads\/2016\/04\/lamia-arredo-rustico-pugliese-150x150.jpg 150w\" sizes=\"(max-width: 150px) 100vw, 150px\" \/><\/a>\n\t\t\t<\/dt><\/dl><dl class='gallery-item'>\n\t\t\t<dt class='gallery-icon landscape'>\n\t\t\t\t<a data-rel=\"iLightbox[postimages]\" data-title=\"lamia-cisternino-pietra-materiali-naturali\" data-caption=\"\" href='https:\/\/www.riposodelvento.it\/wp-content\/uploads\/2016\/04\/lamia-cisternino-pietra-materiali-naturali.jpg'><img decoding=\"async\" width=\"150\" height=\"150\" src=\"https:\/\/www.riposodelvento.it\/wp-content\/uploads\/2016\/04\/lamia-cisternino-pietra-materiali-naturali-150x150.jpg\" class=\"attachment-thumbnail size-thumbnail\" alt=\"\" srcset=\"https:\/\/www.riposodelvento.it\/wp-content\/uploads\/2016\/04\/lamia-cisternino-pietra-materiali-naturali-66x66.jpg 66w, https:\/\/www.riposodelvento.it\/wp-content\/uploads\/2016\/04\/lamia-cisternino-pietra-materiali-naturali-150x150.jpg 150w\" sizes=\"(max-width: 150px) 100vw, 150px\" \/><\/a>\n\t\t\t<\/dt><\/dl><dl class='gallery-item'>\n\t\t\t<dt class='gallery-icon portrait'>\n\t\t\t\t<a data-rel=\"iLightbox[postimages]\" data-title=\"lavandino-in-petra-originale-angolo-cottura\" data-caption=\"\" href='https:\/\/www.riposodelvento.it\/wp-content\/uploads\/2016\/04\/lavandino-in-petra-originale-angolo-cottura.jpg'><img decoding=\"async\" width=\"150\" height=\"150\" src=\"https:\/\/www.riposodelvento.it\/wp-content\/uploads\/2016\/04\/lavandino-in-petra-originale-angolo-cottura-150x150.jpg\" class=\"attachment-thumbnail size-thumbnail\" alt=\"\" srcset=\"https:\/\/www.riposodelvento.it\/wp-content\/uploads\/2016\/04\/lavandino-in-petra-originale-angolo-cottura-66x66.jpg 66w, https:\/\/www.riposodelvento.it\/wp-content\/uploads\/2016\/04\/lavandino-in-petra-originale-angolo-cottura-150x150.jpg 150w\" sizes=\"(max-width: 150px) 100vw, 150px\" \/><\/a>\n\t\t\t<\/dt><\/dl><br style=\"clear: both\" \/><dl class='gallery-item'>\n\t\t\t<dt class='gallery-icon landscape'>\n\t\t\t\t<a data-rel=\"iLightbox[postimages]\" data-title=\"Panorama paesaggio naturale intorno lamie e i trulli a disposizione degli ospiti del B&#038;B\" data-caption=\"\" href='https:\/\/www.riposodelvento.it\/wp-content\/uploads\/2016\/04\/panorama-paesaggio-naturale-intorno-lamia.jpg'><img decoding=\"async\" width=\"150\" height=\"150\" src=\"https:\/\/www.riposodelvento.it\/wp-content\/uploads\/2016\/04\/panorama-paesaggio-naturale-intorno-lamia-150x150.jpg\" class=\"attachment-thumbnail size-thumbnail\" alt=\"\" srcset=\"https:\/\/www.riposodelvento.it\/wp-content\/uploads\/2016\/04\/panorama-paesaggio-naturale-intorno-lamia-66x66.jpg 66w, https:\/\/www.riposodelvento.it\/wp-content\/uploads\/2016\/04\/panorama-paesaggio-naturale-intorno-lamia-150x150.jpg 150w\" sizes=\"(max-width: 150px) 100vw, 150px\" \/><\/a>\n\t\t\t<\/dt><\/dl><dl class='gallery-item'>\n\t\t\t<dt class='gallery-icon portrait'>\n\t\t\t\t<a data-rel=\"iLightbox[postimages]\" data-title=\"pergola-con-edera-mangiare-fuori\" data-caption=\"\" href='https:\/\/www.riposodelvento.it\/wp-content\/uploads\/2016\/04\/pergola-con-edera-mangiare-fuori.jpg'><img decoding=\"async\" width=\"150\" height=\"150\" src=\"https:\/\/www.riposodelvento.it\/wp-content\/uploads\/2016\/04\/pergola-con-edera-mangiare-fuori-150x150.jpg\" class=\"attachment-thumbnail size-thumbnail\" alt=\"\" srcset=\"https:\/\/www.riposodelvento.it\/wp-content\/uploads\/2016\/04\/pergola-con-edera-mangiare-fuori-66x66.jpg 66w, https:\/\/www.riposodelvento.it\/wp-content\/uploads\/2016\/04\/pergola-con-edera-mangiare-fuori-150x150.jpg 150w\" sizes=\"(max-width: 150px) 100vw, 150px\" \/><\/a>\n\t\t\t<\/dt><\/dl><dl class='gallery-item'>\n\t\t\t<dt class='gallery-icon landscape'>\n\t\t\t\t<a data-rel=\"iLightbox[postimages]\" data-title=\"pergolato-esterno-ombra-estiva\" data-caption=\"\" href='https:\/\/www.riposodelvento.it\/wp-content\/uploads\/2016\/04\/pergolato-esterno-ombra-estiva.jpg'><img decoding=\"async\" width=\"150\" height=\"150\" src=\"https:\/\/www.riposodelvento.it\/wp-content\/uploads\/2016\/04\/pergolato-esterno-ombra-estiva-150x150.jpg\" class=\"attachment-thumbnail size-thumbnail\" alt=\"\" srcset=\"https:\/\/www.riposodelvento.it\/wp-content\/uploads\/2016\/04\/pergolato-esterno-ombra-estiva-66x66.jpg 66w, https:\/\/www.riposodelvento.it\/wp-content\/uploads\/2016\/04\/pergolato-esterno-ombra-estiva-150x150.jpg 150w\" sizes=\"(max-width: 150px) 100vw, 150px\" \/><\/a>\n\t\t\t<\/dt><\/dl><dl class='gallery-item'>\n\t\t\t<dt class='gallery-icon portrait'>\n\t\t\t\t<a data-rel=\"iLightbox[postimages]\" data-title=\"b&#038;b-in-trulli-e-lamie-pugliesi\" data-caption=\"\" href='https:\/\/www.riposodelvento.it\/wp-content\/uploads\/2016\/04\/bb-in-trulli-e-lamie-pugliesi.jpg'><img decoding=\"async\" width=\"150\" height=\"150\" src=\"https:\/\/www.riposodelvento.it\/wp-content\/uploads\/2016\/04\/bb-in-trulli-e-lamie-pugliesi-150x150.jpg\" class=\"attachment-thumbnail size-thumbnail\" alt=\"\" srcset=\"https:\/\/www.riposodelvento.it\/wp-content\/uploads\/2016\/04\/bb-in-trulli-e-lamie-pugliesi-66x66.jpg 66w, https:\/\/www.riposodelvento.it\/wp-content\/uploads\/2016\/04\/bb-in-trulli-e-lamie-pugliesi-150x150.jpg 150w\" sizes=\"(max-width: 150px) 100vw, 150px\" \/><\/a>\n\t\t\t<\/dt><\/dl><br style=\"clear: both\" \/>\n\t\t<\/div>\n\n<\/div><div class=\"fusion-sep-clear\"><\/div><div class=\"fusion-separator fusion-full-width-sep\" style=\"margin-left: auto;margin-right: auto;margin-bottom:0px;width:100%;\" id=\"breakfast-included\"><\/div><div class=\"fusion-sep-clear\"><\/div><div class=\"fusion-clearfix\"><\/div><\/div><\/div><div class=\"fusion-layout-column fusion_builder_column fusion-builder-column-19 fusion_builder_column_1_1 1_1 fusion-one-full fusion-column-first fusion-column-last NO-testo-colonne special-border-bottom\" style=\"margin-top:0px;margin-bottom:70px;\"><div class=\"fusion-column-wrapper fusion-flex-column-wrapper-legacy\" style=\"background-position:left top;background-repeat:no-repeat;-webkit-background-size:cover;-moz-background-size:cover;-o-background-size:cover;background-size:cover;padding: 0px 0px 0px 0px;\"><div class=\"fusion-text fusion-text-22\"><p class=\"no-margin-bottom\"><img decoding=\"async\" class=\"aligncenter size-full wp-image-4313\" src=\"https:\/\/www.riposodelvento.it\/wp-content\/uploads\/2016\/04\/fiore-riposo-del-vento-2.png\" alt=\"Natura e tradizione al B&amp;B Riposo del Vento\" width=\"450\" height=\"82\" srcset=\"https:\/\/www.riposodelvento.it\/wp-content\/uploads\/2016\/04\/fiore-riposo-del-vento-2-300x55.png 300w, https:\/\/www.riposodelvento.it\/wp-content\/uploads\/2016\/04\/fiore-riposo-del-vento-2.png 450w\" sizes=\"(max-width: 450px) 100vw, 450px\" \/><\/p>\n<\/div><div class=\"fusion-clearfix\"><\/div><\/div><\/div><\/div><\/div><div class=\"fusion-fullwidth fullwidth-box fusion-builder-row-6 nonhundred-percent-fullwidth non-hundred-percent-height-scrolling\" style=\"background-color: rgba(255,255,255,0);background-position: left top;background-repeat: no-repeat;padding-top:30px;padding-right:0px;padding-bottom:0px;padding-left:0px;margin-bottom: 0px;margin-top: 0px;border-width: 0px 0px 0px 0px;border-color:#eae9e9;border-style:solid;\" ><div class=\"fusion-builder-row fusion-row\"><div class=\"fusion-layout-column fusion_builder_column fusion-builder-column-20 fusion_builder_column_1_2 1_2 fusion-one-half fusion-column-first\" style=\"width:48%; margin-right: 4%;margin-top:0px;margin-bottom:20px;\"><div class=\"fusion-column-wrapper fusion-flex-column-wrapper-legacy\" style=\"background-position:left top;background-repeat:no-repeat;-webkit-background-size:cover;-moz-background-size:cover;-o-background-size:cover;background-size:cover;padding: 0px 0px 0px 0px;\"><div class=\"fusion-text fusion-text-23\"><h2 style=\"text-align: center; margin-bottom: 30px; line-height: 51px; font-size: 38px;\">La Lamia\u00a0Jaune<\/h2>\n<\/div><div class=\"fusion-sep-clear\"><\/div><div class=\"fusion-separator\" style=\"margin-left: auto;margin-right: auto;margin-top:0px;margin-bottom:20px;width:100%;max-width:50px;\"><div class=\"fusion-separator-border sep-single sep-solid\" style=\"border-color:#cbaa5c;border-top-width:1px;\"><\/div><\/div><div class=\"fusion-sep-clear\"><\/div><div class=\"fusion-text fusion-text-24\"><h3 class=\"box-n-persone\">Id\u00e9ale pour <strong>2<\/strong> personnes<\/h3>\n<p>La<em> Lamia Jaune<\/em> est une<strong> chambre matrimoniale avec coin cuisine et salle de bains<\/strong>. Elle peut \u00eatre pr\u00e9par\u00e9e avec un<strong> lit double ou avec 2 lits simples s\u00e9par\u00e9s<\/strong>.<\/p>\n<p>Le coin cuisine \u00e9quip\u00e9 dispose d&#8217;un r<strong>\u00e9frig\u00e9rateur et en plus de la climatisation, il y a le chauffage avec des radiateurs, une TV LCD et le linge compris<\/strong>.<\/p>\n<p>Elle fait partie d&#8217;un trullo mais a le plafond en carrosse sans c\u00f4ne.<\/p>\n<\/div><div class=\"fusion-clearfix\"><\/div><\/div><\/div><div class=\"fusion-layout-column fusion_builder_column fusion-builder-column-21 fusion_builder_column_1_2 1_2 fusion-one-half fusion-column-last\" style=\"width:48%;margin-top:0px;margin-bottom:20px;\"><div class=\"fusion-column-wrapper fusion-flex-column-wrapper-legacy\" style=\"background-position:left top;background-repeat:no-repeat;-webkit-background-size:cover;-moz-background-size:cover;-o-background-size:cover;background-size:cover;background-color:#ffffff;padding: 0px 0px 0px 0px;\"><div class=\"imageframe-align-center\"><span class=\" fusion-imageframe imageframe-dropshadow imageframe-6 hover-type-none\" style=\"border:13px solid #ffffff;-webkit-box-shadow: 3px 3px 7px rgba(0,0,0,0.3);box-shadow: 3px 3px 7px rgba(0,0,0,0.3);\"><img decoding=\"async\" width=\"800\" height=\"600\" alt=\"D\u00eeners en plein air dans l\" title=\"Cene all&#8217;aperto nello spazio riservato agli ospiti dell&#8217;appartamente ristrutturato\" src=\"https:\/\/www.riposodelvento.it\/wp-content\/uploads\/2016\/04\/cene-allaperto-spazio-riservato.jpg\" class=\"img-responsive wp-image-5474\" srcset=\"https:\/\/www.riposodelvento.it\/wp-content\/uploads\/2016\/04\/cene-allaperto-spazio-riservato-300x225.jpg 300w, https:\/\/www.riposodelvento.it\/wp-content\/uploads\/2016\/04\/cene-allaperto-spazio-riservato-768x576.jpg 768w, https:\/\/www.riposodelvento.it\/wp-content\/uploads\/2016\/04\/cene-allaperto-spazio-riservato.jpg 800w\" sizes=\"(max-width: 800px) 100vw, 800px\" \/><\/span><\/div><div class=\"fusion-clearfix\"><\/div><\/div><\/div><div class=\"fusion-layout-column fusion_builder_column fusion-builder-column-22 fusion_builder_column_1_1 1_1 fusion-one-full fusion-column-first fusion-column-last fusion-column-no-min-height\" style=\"margin-top:0px;margin-bottom:0px;\"><div class=\"fusion-column-wrapper fusion-flex-column-wrapper-legacy\" style=\"background-position:left top;background-repeat:no-repeat;-webkit-background-size:cover;-moz-background-size:cover;-o-background-size:cover;background-size:cover;padding: 0px 0px 0px 0px;\"><div class=\"fusion-sep-clear\"><\/div><div class=\"fusion-separator fusion-full-width-sep\" style=\"margin-left: auto;margin-right: auto;margin-bottom:60px;width:100%;\" id=\"breakfast-included\"><\/div><div class=\"fusion-sep-clear\"><\/div><div class=\"fusion-text fusion-text-25\">\n\t\t<style type=\"text\/css\">\n\t\t\t#gallery-6 {\n\t\t\t\tmargin: auto;\n\t\t\t}\n\t\t\t#gallery-6 .gallery-item {\n\t\t\t\tfloat: left;\n\t\t\t\tmargin-top: 10px;\n\t\t\t\ttext-align: center;\n\t\t\t\twidth: 25%;\n\t\t\t}\n\t\t\t#gallery-6 img {\n\t\t\t\tborder: 2px solid #cfcfcf;\n\t\t\t}\n\t\t\t#gallery-6 .gallery-caption {\n\t\t\t\tmargin-left: 0;\n\t\t\t}\n\t\t\t\/* see gallery_shortcode() in wp-includes\/media.php *\/\n\t\t<\/style>\n\t\t<div id='gallery-6' class='gallery galleryid-5181 gallery-columns-4 gallery-size-thumbnail'><dl class='gallery-item'>\n\t\t\t<dt class='gallery-icon landscape'>\n\t\t\t\t<a data-rel=\"iLightbox[postimages]\" data-title=\"BnB-in-complesso-nuragico-puglia-trulli-lamie\" data-caption=\"\" href='https:\/\/www.riposodelvento.it\/wp-content\/uploads\/2016\/04\/BnB-in-complesso-nuragico-puglia-trulli-lamie.jpg'><img decoding=\"async\" width=\"150\" height=\"150\" src=\"https:\/\/www.riposodelvento.it\/wp-content\/uploads\/2016\/04\/BnB-in-complesso-nuragico-puglia-trulli-lamie-150x150.jpg\" class=\"attachment-thumbnail size-thumbnail\" alt=\"\" srcset=\"https:\/\/www.riposodelvento.it\/wp-content\/uploads\/2016\/04\/BnB-in-complesso-nuragico-puglia-trulli-lamie-66x66.jpg 66w, https:\/\/www.riposodelvento.it\/wp-content\/uploads\/2016\/04\/BnB-in-complesso-nuragico-puglia-trulli-lamie-150x150.jpg 150w\" sizes=\"(max-width: 150px) 100vw, 150px\" \/><\/a>\n\t\t\t<\/dt><\/dl><dl class='gallery-item'>\n\t\t\t<dt class='gallery-icon portrait'>\n\t\t\t\t<a data-rel=\"iLightbox[postimages]\" data-title=\"appartamento-rurale-turisti\" data-caption=\"\" href='https:\/\/www.riposodelvento.it\/wp-content\/uploads\/2016\/04\/appartamento-rurale-turisti.jpg'><img decoding=\"async\" width=\"150\" height=\"150\" src=\"https:\/\/www.riposodelvento.it\/wp-content\/uploads\/2016\/04\/appartamento-rurale-turisti-150x150.jpg\" class=\"attachment-thumbnail size-thumbnail\" alt=\"\" srcset=\"https:\/\/www.riposodelvento.it\/wp-content\/uploads\/2016\/04\/appartamento-rurale-turisti-66x66.jpg 66w, https:\/\/www.riposodelvento.it\/wp-content\/uploads\/2016\/04\/appartamento-rurale-turisti-150x150.jpg 150w\" sizes=\"(max-width: 150px) 100vw, 150px\" \/><\/a>\n\t\t\t<\/dt><\/dl><dl class='gallery-item'>\n\t\t\t<dt class='gallery-icon landscape'>\n\t\t\t\t<a data-rel=\"iLightbox[postimages]\" data-title=\"camera-matrimoniale-in-trullo-originale\" data-caption=\"\" href='https:\/\/www.riposodelvento.it\/wp-content\/uploads\/2016\/04\/camera-matrimoniale-in-trullo-originale.jpg'><img decoding=\"async\" width=\"150\" height=\"150\" src=\"https:\/\/www.riposodelvento.it\/wp-content\/uploads\/2016\/04\/camera-matrimoniale-in-trullo-originale-150x150.jpg\" class=\"attachment-thumbnail size-thumbnail\" alt=\"\" srcset=\"https:\/\/www.riposodelvento.it\/wp-content\/uploads\/2016\/04\/camera-matrimoniale-in-trullo-originale-66x66.jpg 66w, https:\/\/www.riposodelvento.it\/wp-content\/uploads\/2016\/04\/camera-matrimoniale-in-trullo-originale-150x150.jpg 150w\" sizes=\"(max-width: 150px) 100vw, 150px\" \/><\/a>\n\t\t\t<\/dt><\/dl><dl class='gallery-item'>\n\t\t\t<dt class='gallery-icon portrait'>\n\t\t\t\t<a data-rel=\"iLightbox[postimages]\" data-title=\"camera-volta-a-botte-in-pietrai\" data-caption=\"\" href='https:\/\/www.riposodelvento.it\/wp-content\/uploads\/2016\/04\/camera-volta-a-botte-in-pietrai.jpg'><img decoding=\"async\" width=\"150\" height=\"150\" src=\"https:\/\/www.riposodelvento.it\/wp-content\/uploads\/2016\/04\/camera-volta-a-botte-in-pietrai-150x150.jpg\" class=\"attachment-thumbnail size-thumbnail\" alt=\"\" srcset=\"https:\/\/www.riposodelvento.it\/wp-content\/uploads\/2016\/04\/camera-volta-a-botte-in-pietrai-66x66.jpg 66w, https:\/\/www.riposodelvento.it\/wp-content\/uploads\/2016\/04\/camera-volta-a-botte-in-pietrai-150x150.jpg 150w\" sizes=\"(max-width: 150px) 100vw, 150px\" \/><\/a>\n\t\t\t<\/dt><\/dl><br style=\"clear: both\" \/><dl class='gallery-item'>\n\t\t\t<dt class='gallery-icon portrait'>\n\t\t\t\t<a data-rel=\"iLightbox[postimages]\" data-title=\"lamia-monolocale-con-bagno-affitto\" data-caption=\"\" href='https:\/\/www.riposodelvento.it\/wp-content\/uploads\/2016\/04\/lamia-monolocale-con-bagno-affitto.jpg'><img decoding=\"async\" width=\"150\" height=\"150\" src=\"https:\/\/www.riposodelvento.it\/wp-content\/uploads\/2016\/04\/lamia-monolocale-con-bagno-affitto-150x150.jpg\" class=\"attachment-thumbnail size-thumbnail\" alt=\"\" srcset=\"https:\/\/www.riposodelvento.it\/wp-content\/uploads\/2016\/04\/lamia-monolocale-con-bagno-affitto-66x66.jpg 66w, https:\/\/www.riposodelvento.it\/wp-content\/uploads\/2016\/04\/lamia-monolocale-con-bagno-affitto-150x150.jpg 150w\" sizes=\"(max-width: 150px) 100vw, 150px\" \/><\/a>\n\t\t\t<\/dt><\/dl><dl class='gallery-item'>\n\t\t\t<dt class='gallery-icon landscape'>\n\t\t\t\t<a data-rel=\"iLightbox[postimages]\" data-title=\"monolocale-angolo-cottura-volta-in-pietra\" data-caption=\"\" href='https:\/\/www.riposodelvento.it\/wp-content\/uploads\/2016\/04\/monolocale-angolo-cottura-volta-in-pietra.jpg'><img decoding=\"async\" width=\"150\" height=\"150\" src=\"https:\/\/www.riposodelvento.it\/wp-content\/uploads\/2016\/04\/monolocale-angolo-cottura-volta-in-pietra-150x150.jpg\" class=\"attachment-thumbnail size-thumbnail\" alt=\"\" srcset=\"https:\/\/www.riposodelvento.it\/wp-content\/uploads\/2016\/04\/monolocale-angolo-cottura-volta-in-pietra-66x66.jpg 66w, https:\/\/www.riposodelvento.it\/wp-content\/uploads\/2016\/04\/monolocale-angolo-cottura-volta-in-pietra-150x150.jpg 150w\" sizes=\"(max-width: 150px) 100vw, 150px\" \/><\/a>\n\t\t\t<\/dt><\/dl><dl class='gallery-item'>\n\t\t\t<dt class='gallery-icon landscape'>\n\t\t\t\t<a data-rel=\"iLightbox[postimages]\" data-title=\"soggiorno-in-lamia-in-pietra\" data-caption=\"\" href='https:\/\/www.riposodelvento.it\/wp-content\/uploads\/2016\/04\/soggiorno-in-lamia-in-pietra.jpg'><img decoding=\"async\" width=\"150\" height=\"150\" src=\"https:\/\/www.riposodelvento.it\/wp-content\/uploads\/2016\/04\/soggiorno-in-lamia-in-pietra-150x150.jpg\" class=\"attachment-thumbnail size-thumbnail\" alt=\"\" srcset=\"https:\/\/www.riposodelvento.it\/wp-content\/uploads\/2016\/04\/soggiorno-in-lamia-in-pietra-66x66.jpg 66w, https:\/\/www.riposodelvento.it\/wp-content\/uploads\/2016\/04\/soggiorno-in-lamia-in-pietra-150x150.jpg 150w\" sizes=\"(max-width: 150px) 100vw, 150px\" \/><\/a>\n\t\t\t<\/dt><\/dl><dl class='gallery-item'>\n\t\t\t<dt class='gallery-icon landscape'>\n\t\t\t\t<a data-rel=\"iLightbox[postimages]\" data-title=\"Cene all&#8217;aperto nello spazio riservato agli ospiti dell&#8217;appartamente ristrutturato\" data-caption=\"\" href='https:\/\/www.riposodelvento.it\/wp-content\/uploads\/2016\/04\/cene-allaperto-spazio-riservato.jpg'><img decoding=\"async\" width=\"150\" height=\"150\" src=\"https:\/\/www.riposodelvento.it\/wp-content\/uploads\/2016\/04\/cene-allaperto-spazio-riservato-150x150.jpg\" class=\"attachment-thumbnail size-thumbnail\" alt=\"\" srcset=\"https:\/\/www.riposodelvento.it\/wp-content\/uploads\/2016\/04\/cene-allaperto-spazio-riservato-66x66.jpg 66w, https:\/\/www.riposodelvento.it\/wp-content\/uploads\/2016\/04\/cene-allaperto-spazio-riservato-150x150.jpg 150w\" sizes=\"(max-width: 150px) 100vw, 150px\" \/><\/a>\n\t\t\t<\/dt><\/dl><br style=\"clear: both\" \/>\n\t\t<\/div>\n\n<\/div><div class=\"fusion-sep-clear\"><\/div><div class=\"fusion-separator fusion-full-width-sep\" style=\"margin-left: auto;margin-right: auto;margin-bottom:0px;width:100%;\" id=\"breakfast-included\"><\/div><div class=\"fusion-sep-clear\"><\/div><div class=\"fusion-clearfix\"><\/div><\/div><\/div><div class=\"fusion-layout-column fusion_builder_column fusion-builder-column-23 fusion_builder_column_1_1 1_1 fusion-one-full fusion-column-first fusion-column-last NO-testo-colonne special-border-bottom\" style=\"margin-top:0px;margin-bottom:70px;\"><div class=\"fusion-column-wrapper fusion-flex-column-wrapper-legacy\" style=\"background-position:left top;background-repeat:no-repeat;-webkit-background-size:cover;-moz-background-size:cover;-o-background-size:cover;background-size:cover;padding: 0px 0px 0px 0px;\"><div class=\"fusion-text fusion-text-26\"><p class=\"no-margin-bottom\"><img decoding=\"async\" class=\"aligncenter size-full wp-image-4313\" src=\"https:\/\/www.riposodelvento.it\/wp-content\/uploads\/2016\/04\/fiore-riposo-del-vento-2.png\" alt=\"Natura e tradizione al B&amp;B Riposo del Vento\" width=\"450\" height=\"82\" srcset=\"https:\/\/www.riposodelvento.it\/wp-content\/uploads\/2016\/04\/fiore-riposo-del-vento-2-300x55.png 300w, https:\/\/www.riposodelvento.it\/wp-content\/uploads\/2016\/04\/fiore-riposo-del-vento-2.png 450w\" sizes=\"(max-width: 450px) 100vw, 450px\" \/><\/p>\n<\/div><div class=\"fusion-clearfix\"><\/div><\/div><\/div><\/div><\/div><div class=\"fusion-fullwidth fullwidth-box fusion-builder-row-7 nonhundred-percent-fullwidth non-hundred-percent-height-scrolling\" style=\"background-color: rgba(255,255,255,0);background-position: left top;background-repeat: no-repeat;padding-top:30px;padding-right:0px;padding-bottom:0px;padding-left:0px;margin-bottom: 0px;margin-top: 0px;border-width: 0px 0px 0px 0px;border-color:#eae9e9;border-style:solid;\" ><div class=\"fusion-builder-row fusion-row\"><div class=\"fusion-layout-column fusion_builder_column fusion-builder-column-24 fusion_builder_column_1_2 1_2 fusion-one-half fusion-column-first\" style=\"width:48%; margin-right: 4%;margin-top:0px;margin-bottom:20px;\"><div class=\"fusion-column-wrapper fusion-flex-column-wrapper-legacy\" style=\"background-position:left top;background-repeat:no-repeat;-webkit-background-size:cover;-moz-background-size:cover;-o-background-size:cover;background-size:cover;padding: 0px 0px 0px 0px;\"><div class=\"fusion-text fusion-text-27\"><h2 style=\"text-align: center; margin-bottom: 30px; line-height: 51px; font-size: 38px;\">La Lamia Trullo<\/h2>\n<div id=\"s3gt_translate_tooltip_mini\" class=\"s3gt_translate_tooltip_mini_box\" style=\"background: initial !important; border: initial !important; border-radius: initial !important; border-spacing: initial !important; border-collapse: initial !important; direction: ltr !important; flex-direction: initial !important; font-weight: initial !important; height: initial !important; letter-spacing: initial !important; min-width: initial !important; max-width: initial !important; min-height: initial !important; max-height: initial !important; margin: auto !important; outline: initial !important; padding: initial !important; position: absolute; table-layout: initial !important; text-align: initial !important; text-shadow: initial !important; width: initial !important; word-break: initial !important; word-spacing: initial !important; overflow-wrap: initial !important; box-sizing: initial !important; display: initial !important; color: inherit !important; font-size: 13px !important; font-family: X-LocaleSpecific, sans-serif, Tahoma, Helvetica !important; line-height: 13px !important; vertical-align: top !important; white-space: inherit !important; left: 783px; top: 56px; opacity: 0.75;\">\n<div id=\"s3gt_translate_tooltip_mini_logo\" class=\"s3gt_translate_tooltip_mini\" title=\"Traduci il testo selezionato\"><\/div>\n<div id=\"s3gt_translate_tooltip_mini_sound\" class=\"s3gt_translate_tooltip_mini\" title=\"Pronuncia\"><\/div>\n<div id=\"s3gt_translate_tooltip_mini_copy\" class=\"s3gt_translate_tooltip_mini\" title=\"Copia il testo negli appunti\"><\/div>\n<\/div>\n<\/div><div class=\"fusion-sep-clear\"><\/div><div class=\"fusion-separator\" style=\"margin-left: auto;margin-right: auto;margin-top:0px;margin-bottom:20px;width:100%;max-width:50px;\"><div class=\"fusion-separator-border sep-single sep-solid\" style=\"border-color:#cbaa5c;border-top-width:1px;\"><\/div><\/div><div class=\"fusion-sep-clear\"><\/div><div class=\"fusion-text fusion-text-28\"><h3 class=\"box-n-persone fusion-responsive-typography-calculated\" data-fontsize=\"24\" data-lineheight=\"40.08px\">Id\u00e9ale pour\u00a0<strong>2<\/strong>\u00a0personnes<\/h3>\n<p>La<em> Lamia Trullo<\/em> est compos\u00e9e de deux petits espaces: <strong>une entr\u00e9e\/cuisine avec un toit conique et une petite chambre avec un plafond en vo\u00fbte<\/strong>.<\/p>\n<p>Le coin cuisine \u00e9quip\u00e9 est dot\u00e9 d<strong>&#8216;un r\u00e9frig\u00e9rateur et d&#8217;un four, et en plus de la climatisation, il dispose du chauffage par radiateurs, d&#8217;une TV LCD et du linge de lit inclus<\/strong>.\u00a0Le lit peut \u00eatre uniquement double.<\/p>\n<p>\u00c0 l&#8217;ext\u00e9rieur, il dispose de son<strong> espace r\u00e9serv\u00e9 avec une table et une vue sur le jardin<\/strong>.<\/p>\n<p>C&#8217;est un environnement tr\u00e8s typique et caract\u00e9ristique, avec une atmosph\u00e8re de conte de f\u00e9es\u2026<\/p>\n<\/div><div class=\"fusion-clearfix\"><\/div><\/div><\/div><div class=\"fusion-layout-column fusion_builder_column fusion-builder-column-25 fusion_builder_column_1_2 1_2 fusion-one-half fusion-column-last\" style=\"width:48%;margin-top:0px;margin-bottom:20px;\"><div class=\"fusion-column-wrapper fusion-flex-column-wrapper-legacy\" style=\"background-position:left top;background-repeat:no-repeat;-webkit-background-size:cover;-moz-background-size:cover;-o-background-size:cover;background-size:cover;background-color:#ffffff;padding: 0px 0px 0px 0px;\"><div class=\"imageframe-align-center\"><span class=\" fusion-imageframe imageframe-dropshadow imageframe-7 hover-type-none\" style=\"border:13px solid #ffffff;-webkit-box-shadow: 3px 3px 7px rgba(0,0,0,0.3);box-shadow: 3px 3px 7px rgba(0,0,0,0.3);\"><img decoding=\"async\" width=\"807\" height=\"537\" alt=\"Trullo Lamia bed and breakfast\" title=\"Trullo Lamia bed and breakfast (1)\" src=\"https:\/\/www.riposodelvento.it\/wp-content\/uploads\/2018\/02\/Trullo-Lamia-bed-and-breakfast-1.jpg\" class=\"img-responsive wp-image-6410\" srcset=\"https:\/\/www.riposodelvento.it\/wp-content\/uploads\/2018\/02\/Trullo-Lamia-bed-and-breakfast-1-300x200.jpg 300w, https:\/\/www.riposodelvento.it\/wp-content\/uploads\/2018\/02\/Trullo-Lamia-bed-and-breakfast-1-768x511.jpg 768w, https:\/\/www.riposodelvento.it\/wp-content\/uploads\/2018\/02\/Trullo-Lamia-bed-and-breakfast-1.jpg 807w\" sizes=\"(max-width: 807px) 100vw, 807px\" \/><\/span><\/div><div class=\"fusion-clearfix\"><\/div><\/div><\/div><div class=\"fusion-layout-column fusion_builder_column fusion-builder-column-26 fusion_builder_column_1_1 1_1 fusion-one-full fusion-column-first fusion-column-last fusion-column-no-min-height\" style=\"margin-top:0px;margin-bottom:0px;\"><div class=\"fusion-column-wrapper fusion-flex-column-wrapper-legacy\" style=\"background-position:left top;background-repeat:no-repeat;-webkit-background-size:cover;-moz-background-size:cover;-o-background-size:cover;background-size:cover;padding: 0px 0px 0px 0px;\"><div class=\"fusion-sep-clear\"><\/div><div class=\"fusion-separator fusion-full-width-sep\" style=\"margin-left: auto;margin-right: auto;margin-bottom:60px;width:100%;\" id=\"breakfast-included\"><\/div><div class=\"fusion-sep-clear\"><\/div><div class=\"fusion-text fusion-text-29\">\n\t\t<style type=\"text\/css\">\n\t\t\t#gallery-7 {\n\t\t\t\tmargin: auto;\n\t\t\t}\n\t\t\t#gallery-7 .gallery-item {\n\t\t\t\tfloat: left;\n\t\t\t\tmargin-top: 10px;\n\t\t\t\ttext-align: center;\n\t\t\t\twidth: 25%;\n\t\t\t}\n\t\t\t#gallery-7 img {\n\t\t\t\tborder: 2px solid #cfcfcf;\n\t\t\t}\n\t\t\t#gallery-7 .gallery-caption {\n\t\t\t\tmargin-left: 0;\n\t\t\t}\n\t\t\t\/* see gallery_shortcode() in wp-includes\/media.php *\/\n\t\t<\/style>\n\t\t<div id='gallery-7' class='gallery galleryid-5181 gallery-columns-4 gallery-size-thumbnail'><dl class='gallery-item'>\n\t\t\t<dt class='gallery-icon landscape'>\n\t\t\t\t<a data-rel=\"iLightbox[postimages]\" data-title=\"Trullo Lamia bed and breakfast (9)\" data-caption=\"\" href='https:\/\/www.riposodelvento.it\/wp-content\/uploads\/2018\/02\/Trullo-Lamia-bed-and-breakfast-9.jpg'><img decoding=\"async\" width=\"150\" height=\"150\" src=\"https:\/\/www.riposodelvento.it\/wp-content\/uploads\/2018\/02\/Trullo-Lamia-bed-and-breakfast-9-150x150.jpg\" class=\"attachment-thumbnail size-thumbnail\" alt=\"Trullo Lamia bed and breakfast\" srcset=\"https:\/\/www.riposodelvento.it\/wp-content\/uploads\/2018\/02\/Trullo-Lamia-bed-and-breakfast-9-66x66.jpg 66w, https:\/\/www.riposodelvento.it\/wp-content\/uploads\/2018\/02\/Trullo-Lamia-bed-and-breakfast-9-150x150.jpg 150w\" sizes=\"(max-width: 150px) 100vw, 150px\" \/><\/a>\n\t\t\t<\/dt><\/dl><dl class='gallery-item'>\n\t\t\t<dt class='gallery-icon landscape'>\n\t\t\t\t<a data-rel=\"iLightbox[postimages]\" data-title=\"Trullo Lamia bed and breakfast (3)\" data-caption=\"\" href='https:\/\/www.riposodelvento.it\/wp-content\/uploads\/2018\/02\/Trullo-Lamia-bed-and-breakfast-3.jpg'><img decoding=\"async\" width=\"150\" height=\"150\" src=\"https:\/\/www.riposodelvento.it\/wp-content\/uploads\/2018\/02\/Trullo-Lamia-bed-and-breakfast-3-150x150.jpg\" class=\"attachment-thumbnail size-thumbnail\" alt=\"Trullo Lamia bed and breakfast\" srcset=\"https:\/\/www.riposodelvento.it\/wp-content\/uploads\/2018\/02\/Trullo-Lamia-bed-and-breakfast-3-66x66.jpg 66w, https:\/\/www.riposodelvento.it\/wp-content\/uploads\/2018\/02\/Trullo-Lamia-bed-and-breakfast-3-150x150.jpg 150w\" sizes=\"(max-width: 150px) 100vw, 150px\" \/><\/a>\n\t\t\t<\/dt><\/dl><dl class='gallery-item'>\n\t\t\t<dt class='gallery-icon portrait'>\n\t\t\t\t<a data-rel=\"iLightbox[postimages]\" data-title=\"Trullo Lamia bed and breakfast (5)\" data-caption=\"\" href='https:\/\/www.riposodelvento.it\/wp-content\/uploads\/2018\/02\/Trullo-Lamia-bed-and-breakfast-5.jpg'><img decoding=\"async\" width=\"150\" height=\"150\" src=\"https:\/\/www.riposodelvento.it\/wp-content\/uploads\/2018\/02\/Trullo-Lamia-bed-and-breakfast-5-150x150.jpg\" class=\"attachment-thumbnail size-thumbnail\" alt=\"Trullo Lamia bed and breakfast\" srcset=\"https:\/\/www.riposodelvento.it\/wp-content\/uploads\/2018\/02\/Trullo-Lamia-bed-and-breakfast-5-66x66.jpg 66w, https:\/\/www.riposodelvento.it\/wp-content\/uploads\/2018\/02\/Trullo-Lamia-bed-and-breakfast-5-150x150.jpg 150w\" sizes=\"(max-width: 150px) 100vw, 150px\" \/><\/a>\n\t\t\t<\/dt><\/dl><dl class='gallery-item'>\n\t\t\t<dt class='gallery-icon landscape'>\n\t\t\t\t<a data-rel=\"iLightbox[postimages]\" data-title=\"Trullo Lamia bed and breakfast (8)\" data-caption=\"\" href='https:\/\/www.riposodelvento.it\/wp-content\/uploads\/2018\/02\/Trullo-Lamia-bed-and-breakfast-8.jpg'><img decoding=\"async\" width=\"150\" height=\"150\" src=\"https:\/\/www.riposodelvento.it\/wp-content\/uploads\/2018\/02\/Trullo-Lamia-bed-and-breakfast-8-150x150.jpg\" class=\"attachment-thumbnail size-thumbnail\" alt=\"Trullo Lamia bed and breakfast\" srcset=\"https:\/\/www.riposodelvento.it\/wp-content\/uploads\/2018\/02\/Trullo-Lamia-bed-and-breakfast-8-66x66.jpg 66w, https:\/\/www.riposodelvento.it\/wp-content\/uploads\/2018\/02\/Trullo-Lamia-bed-and-breakfast-8-150x150.jpg 150w\" sizes=\"(max-width: 150px) 100vw, 150px\" \/><\/a>\n\t\t\t<\/dt><\/dl><br style=\"clear: both\" \/><dl class='gallery-item'>\n\t\t\t<dt class='gallery-icon portrait'>\n\t\t\t\t<a data-rel=\"iLightbox[postimages]\" data-title=\"Trullo Lamia bed and breakfast (2)\" data-caption=\"\" href='https:\/\/www.riposodelvento.it\/wp-content\/uploads\/2018\/02\/Trullo-Lamia-bed-and-breakfast-2.jpg'><img decoding=\"async\" width=\"150\" height=\"150\" src=\"https:\/\/www.riposodelvento.it\/wp-content\/uploads\/2018\/02\/Trullo-Lamia-bed-and-breakfast-2-150x150.jpg\" class=\"attachment-thumbnail size-thumbnail\" alt=\"Trullo Lamia bed and breakfast\" srcset=\"https:\/\/www.riposodelvento.it\/wp-content\/uploads\/2018\/02\/Trullo-Lamia-bed-and-breakfast-2-66x66.jpg 66w, https:\/\/www.riposodelvento.it\/wp-content\/uploads\/2018\/02\/Trullo-Lamia-bed-and-breakfast-2-150x150.jpg 150w\" sizes=\"(max-width: 150px) 100vw, 150px\" \/><\/a>\n\t\t\t<\/dt><\/dl><dl class='gallery-item'>\n\t\t\t<dt class='gallery-icon landscape'>\n\t\t\t\t<a data-rel=\"iLightbox[postimages]\" data-title=\"Trullo Lamia bed and breakfast (4)\" data-caption=\"\" href='https:\/\/www.riposodelvento.it\/wp-content\/uploads\/2018\/02\/Trullo-Lamia-bed-and-breakfast-4.jpg'><img decoding=\"async\" width=\"150\" height=\"150\" src=\"https:\/\/www.riposodelvento.it\/wp-content\/uploads\/2018\/02\/Trullo-Lamia-bed-and-breakfast-4-150x150.jpg\" class=\"attachment-thumbnail size-thumbnail\" alt=\"Trullo Lamia bed and breakfast\" srcset=\"https:\/\/www.riposodelvento.it\/wp-content\/uploads\/2018\/02\/Trullo-Lamia-bed-and-breakfast-4-66x66.jpg 66w, https:\/\/www.riposodelvento.it\/wp-content\/uploads\/2018\/02\/Trullo-Lamia-bed-and-breakfast-4-150x150.jpg 150w\" sizes=\"(max-width: 150px) 100vw, 150px\" \/><\/a>\n\t\t\t<\/dt><\/dl><dl class='gallery-item'>\n\t\t\t<dt class='gallery-icon portrait'>\n\t\t\t\t<a data-rel=\"iLightbox[postimages]\" data-title=\"Trullo Lamia bed and breakfast (6)\" data-caption=\"\" href='https:\/\/www.riposodelvento.it\/wp-content\/uploads\/2018\/02\/Trullo-Lamia-bed-and-breakfast-6.jpg'><img decoding=\"async\" width=\"150\" height=\"150\" src=\"https:\/\/www.riposodelvento.it\/wp-content\/uploads\/2018\/02\/Trullo-Lamia-bed-and-breakfast-6-150x150.jpg\" class=\"attachment-thumbnail size-thumbnail\" alt=\"Trullo Lamia bed and breakfast\" srcset=\"https:\/\/www.riposodelvento.it\/wp-content\/uploads\/2018\/02\/Trullo-Lamia-bed-and-breakfast-6-66x66.jpg 66w, https:\/\/www.riposodelvento.it\/wp-content\/uploads\/2018\/02\/Trullo-Lamia-bed-and-breakfast-6-150x150.jpg 150w\" sizes=\"(max-width: 150px) 100vw, 150px\" \/><\/a>\n\t\t\t<\/dt><\/dl><dl class='gallery-item'>\n\t\t\t<dt class='gallery-icon landscape'>\n\t\t\t\t<a data-rel=\"iLightbox[postimages]\" data-title=\"Trullo Lamia bed and breakfast (10)\" data-caption=\"\" href='https:\/\/www.riposodelvento.it\/wp-content\/uploads\/2018\/02\/Trullo-Lamia-bed-and-breakfast-10.jpg'><img decoding=\"async\" width=\"150\" height=\"150\" src=\"https:\/\/www.riposodelvento.it\/wp-content\/uploads\/2018\/02\/Trullo-Lamia-bed-and-breakfast-10-150x150.jpg\" class=\"attachment-thumbnail size-thumbnail\" alt=\"Trullo Lamia bed and breakfast\" srcset=\"https:\/\/www.riposodelvento.it\/wp-content\/uploads\/2018\/02\/Trullo-Lamia-bed-and-breakfast-10-66x66.jpg 66w, https:\/\/www.riposodelvento.it\/wp-content\/uploads\/2018\/02\/Trullo-Lamia-bed-and-breakfast-10-150x150.jpg 150w\" sizes=\"(max-width: 150px) 100vw, 150px\" \/><\/a>\n\t\t\t<\/dt><\/dl><br style=\"clear: both\" \/>\n\t\t<\/div>\n\n<\/div><div class=\"fusion-sep-clear\"><\/div><div class=\"fusion-separator fusion-full-width-sep\" style=\"margin-left: auto;margin-right: auto;margin-bottom:0px;width:100%;\" id=\"breakfast-included\"><\/div><div class=\"fusion-sep-clear\"><\/div><div class=\"fusion-clearfix\"><\/div><\/div><\/div><div class=\"fusion-layout-column fusion_builder_column fusion-builder-column-27 fusion_builder_column_1_1 1_1 fusion-one-full fusion-column-first fusion-column-last NO-testo-colonne special-border-bottom\" style=\"margin-top:0px;margin-bottom:70px;\"><div class=\"fusion-column-wrapper fusion-flex-column-wrapper-legacy\" style=\"background-position:left top;background-repeat:no-repeat;-webkit-background-size:cover;-moz-background-size:cover;-o-background-size:cover;background-size:cover;padding: 0px 0px 0px 0px;\"><div class=\"fusion-text fusion-text-30\"><p class=\"no-margin-bottom\"><img decoding=\"async\" class=\"aligncenter size-full wp-image-4313\" src=\"https:\/\/www.riposodelvento.it\/wp-content\/uploads\/2016\/04\/fiore-riposo-del-vento-2.png\" alt=\"Natura e tradizione al B&amp;B Riposo del Vento\" width=\"450\" height=\"82\" srcset=\"https:\/\/www.riposodelvento.it\/wp-content\/uploads\/2016\/04\/fiore-riposo-del-vento-2-300x55.png 300w, https:\/\/www.riposodelvento.it\/wp-content\/uploads\/2016\/04\/fiore-riposo-del-vento-2.png 450w\" sizes=\"(max-width: 450px) 100vw, 450px\" \/><\/p>\n<\/div><div class=\"fusion-clearfix\"><\/div><\/div><\/div><\/div><\/div><div class=\"fusion-fullwidth fullwidth-box fusion-builder-row-8 nonhundred-percent-fullwidth non-hundred-percent-height-scrolling\" style=\"background-color: rgba(255,255,255,0);background-position: left top;background-repeat: no-repeat;padding-top:30px;padding-right:0px;padding-bottom:100px;padding-left:0px;margin-bottom: 0px;margin-top: 0px;border-width: 0px 0px 0px 0px;border-color:#eae9e9;border-style:solid;\" id=\"lamia-la-caseddhe\" ><div class=\"fusion-builder-row fusion-row\"><div class=\"fusion-layout-column fusion_builder_column fusion-builder-column-28 fusion_builder_column_1_2 1_2 fusion-one-half fusion-column-first\" style=\"width:48%; margin-right: 4%;margin-top:0px;margin-bottom:20px;\"><div class=\"fusion-column-wrapper fusion-flex-column-wrapper-legacy\" style=\"background-position:left top;background-repeat:no-repeat;-webkit-background-size:cover;-moz-background-size:cover;-o-background-size:cover;background-size:cover;padding: 0px 0px 0px 0px;\"><div class=\"fusion-text fusion-text-31\"><h2 style=\"text-align: center; margin-bottom: 30px; line-height: 51px; font-size: 38px;\">Lamia &#8220;La Caseddhe&#8221;<\/h2>\n<\/div><div class=\"fusion-sep-clear\"><\/div><div class=\"fusion-separator\" style=\"margin-left: auto;margin-right: auto;margin-top:0px;margin-bottom:20px;width:100%;max-width:50px;\"><div class=\"fusion-separator-border sep-single sep-solid\" style=\"border-color:#cbaa5c;border-top-width:1px;\"><\/div><\/div><div class=\"fusion-sep-clear\"><\/div><div class=\"fusion-text fusion-text-32\"><h3 class=\"box-n-persone\">Id\u00e9ale pour <strong>3<\/strong> personnes<\/h3>\n<p>La <em>Lamia &#8220;La Caseddhe&#8221; <\/em>est une <strong>chambre triple avec un lit double et un lit simple, un coin cuisine et une salle de bain<\/strong>. Elle peut \u00eatre pr\u00e9par\u00e9e avec un lit double et un lit simple ou avec 3 lits simples s\u00e9par\u00e9s.<\/p>\n<p>Le coin cuisine \u00e9quip\u00e9 est dot\u00e9 d&#8217;un <strong>r\u00e9frig\u00e9rateur et d&#8217;un four et, en plus de la climatisation, dispose du chauffage avec des radiateurs, d&#8217;une TV LCD et du linge de maison inclus<\/strong>.<\/p>\n<p>Elle n&#8217;a pas de c\u00f4ne mais le plafond vo\u00fbt\u00e9 typique des lamies.<\/p>\n<\/div><div class=\"fusion-clearfix\"><\/div><\/div><\/div><div class=\"fusion-layout-column fusion_builder_column fusion-builder-column-29 fusion_builder_column_1_2 1_2 fusion-one-half fusion-column-last\" style=\"width:48%;margin-top:0px;margin-bottom:20px;\"><div class=\"fusion-column-wrapper fusion-flex-column-wrapper-legacy\" style=\"background-position:left top;background-repeat:no-repeat;-webkit-background-size:cover;-moz-background-size:cover;-o-background-size:cover;background-size:cover;background-color:#ffffff;padding: 0px 0px 0px 0px;\"><div class=\"imageframe-align-center\"><span class=\" fusion-imageframe imageframe-dropshadow imageframe-8 hover-type-none\" style=\"border:13px solid #ffffff;-webkit-box-shadow: 3px 3px 7px rgba(0,0,0,0.3);box-shadow: 3px 3px 7px rgba(0,0,0,0.3);\"><img decoding=\"async\" width=\"800\" height=\"533\" alt=\"Lamia La Caseddhe, b\u00e2timent typique des Pouilles, vue sur le jardin ext\u00e9rieur avec palmier\" title=\"Lamia La Caseddhe\" src=\"https:\/\/www.riposodelvento.it\/wp-content\/uploads\/2016\/04\/Lamia-La-Caseddhe-1.jpg\" class=\"img-responsive wp-image-5510\" srcset=\"https:\/\/www.riposodelvento.it\/wp-content\/uploads\/2016\/04\/Lamia-La-Caseddhe-1-300x200.jpg 300w, https:\/\/www.riposodelvento.it\/wp-content\/uploads\/2016\/04\/Lamia-La-Caseddhe-1-768x512.jpg 768w, https:\/\/www.riposodelvento.it\/wp-content\/uploads\/2016\/04\/Lamia-La-Caseddhe-1.jpg 800w\" sizes=\"(max-width: 800px) 100vw, 800px\" \/><\/span><\/div><div class=\"fusion-clearfix\"><\/div><\/div><\/div><div class=\"fusion-layout-column fusion_builder_column fusion-builder-column-30 fusion_builder_column_1_1 1_1 fusion-one-full fusion-column-first fusion-column-last fusion-column-no-min-height\" style=\"margin-top:0px;margin-bottom:0px;\"><div class=\"fusion-column-wrapper fusion-flex-column-wrapper-legacy\" style=\"background-position:left top;background-repeat:no-repeat;-webkit-background-size:cover;-moz-background-size:cover;-o-background-size:cover;background-size:cover;padding: 0px 0px 0px 0px;\"><div class=\"fusion-sep-clear\"><\/div><div class=\"fusion-separator fusion-full-width-sep\" style=\"margin-left: auto;margin-right: auto;margin-bottom:60px;width:100%;\" id=\"breakfast-included\"><\/div><div class=\"fusion-sep-clear\"><\/div><div class=\"fusion-text fusion-text-33\">\n\t\t<style type=\"text\/css\">\n\t\t\t#gallery-8 {\n\t\t\t\tmargin: auto;\n\t\t\t}\n\t\t\t#gallery-8 .gallery-item {\n\t\t\t\tfloat: left;\n\t\t\t\tmargin-top: 10px;\n\t\t\t\ttext-align: center;\n\t\t\t\twidth: 25%;\n\t\t\t}\n\t\t\t#gallery-8 img {\n\t\t\t\tborder: 2px solid #cfcfcf;\n\t\t\t}\n\t\t\t#gallery-8 .gallery-caption {\n\t\t\t\tmargin-left: 0;\n\t\t\t}\n\t\t\t\/* see gallery_shortcode() in wp-includes\/media.php *\/\n\t\t<\/style>\n\t\t<div id='gallery-8' class='gallery galleryid-5181 gallery-columns-4 gallery-size-thumbnail'><dl class='gallery-item'>\n\t\t\t<dt class='gallery-icon landscape'>\n\t\t\t\t<a data-rel=\"iLightbox[postimages]\" data-title=\"Lamia La Caseddhe (2)\" data-caption=\"\" href='https:\/\/www.riposodelvento.it\/wp-content\/uploads\/2016\/04\/Lamia-La-Caseddhe-2.jpg'><img decoding=\"async\" width=\"150\" height=\"150\" src=\"https:\/\/www.riposodelvento.it\/wp-content\/uploads\/2016\/04\/Lamia-La-Caseddhe-2-150x150.jpg\" class=\"attachment-thumbnail size-thumbnail\" alt=\"\" srcset=\"https:\/\/www.riposodelvento.it\/wp-content\/uploads\/2016\/04\/Lamia-La-Caseddhe-2-66x66.jpg 66w, https:\/\/www.riposodelvento.it\/wp-content\/uploads\/2016\/04\/Lamia-La-Caseddhe-2-150x150.jpg 150w\" sizes=\"(max-width: 150px) 100vw, 150px\" \/><\/a>\n\t\t\t<\/dt><\/dl><dl class='gallery-item'>\n\t\t\t<dt class='gallery-icon portrait'>\n\t\t\t\t<a data-rel=\"iLightbox[postimages]\" data-title=\"Lamia La Caseddhe (4)\" data-caption=\"\" href='https:\/\/www.riposodelvento.it\/wp-content\/uploads\/2016\/04\/Lamia-La-Caseddhe-4.jpg'><img decoding=\"async\" width=\"150\" height=\"150\" src=\"https:\/\/www.riposodelvento.it\/wp-content\/uploads\/2016\/04\/Lamia-La-Caseddhe-4-150x150.jpg\" class=\"attachment-thumbnail size-thumbnail\" alt=\"\" srcset=\"https:\/\/www.riposodelvento.it\/wp-content\/uploads\/2016\/04\/Lamia-La-Caseddhe-4-66x66.jpg 66w, https:\/\/www.riposodelvento.it\/wp-content\/uploads\/2016\/04\/Lamia-La-Caseddhe-4-150x150.jpg 150w\" sizes=\"(max-width: 150px) 100vw, 150px\" \/><\/a>\n\t\t\t<\/dt><\/dl><dl class='gallery-item'>\n\t\t\t<dt class='gallery-icon landscape'>\n\t\t\t\t<a data-rel=\"iLightbox[postimages]\" data-title=\"Lamia La Caseddhe (3)\" data-caption=\"\" href='https:\/\/www.riposodelvento.it\/wp-content\/uploads\/2016\/04\/Lamia-La-Caseddhe-3.jpg'><img decoding=\"async\" width=\"150\" height=\"150\" src=\"https:\/\/www.riposodelvento.it\/wp-content\/uploads\/2016\/04\/Lamia-La-Caseddhe-3-150x150.jpg\" class=\"attachment-thumbnail size-thumbnail\" alt=\"\" srcset=\"https:\/\/www.riposodelvento.it\/wp-content\/uploads\/2016\/04\/Lamia-La-Caseddhe-3-66x66.jpg 66w, https:\/\/www.riposodelvento.it\/wp-content\/uploads\/2016\/04\/Lamia-La-Caseddhe-3-150x150.jpg 150w\" sizes=\"(max-width: 150px) 100vw, 150px\" \/><\/a>\n\t\t\t<\/dt><\/dl><dl class='gallery-item'>\n\t\t\t<dt class='gallery-icon portrait'>\n\t\t\t\t<a data-rel=\"iLightbox[postimages]\" data-title=\"Lamia La Caseddhe (8)\" data-caption=\"\" href='https:\/\/www.riposodelvento.it\/wp-content\/uploads\/2016\/04\/Lamia-La-Caseddhe-8.jpg'><img decoding=\"async\" width=\"150\" height=\"150\" src=\"https:\/\/www.riposodelvento.it\/wp-content\/uploads\/2016\/04\/Lamia-La-Caseddhe-8-150x150.jpg\" class=\"attachment-thumbnail size-thumbnail\" alt=\"\" srcset=\"https:\/\/www.riposodelvento.it\/wp-content\/uploads\/2016\/04\/Lamia-La-Caseddhe-8-66x66.jpg 66w, https:\/\/www.riposodelvento.it\/wp-content\/uploads\/2016\/04\/Lamia-La-Caseddhe-8-150x150.jpg 150w\" sizes=\"(max-width: 150px) 100vw, 150px\" \/><\/a>\n\t\t\t<\/dt><\/dl><br style=\"clear: both\" \/><dl class='gallery-item'>\n\t\t\t<dt class='gallery-icon portrait'>\n\t\t\t\t<a data-rel=\"iLightbox[postimages]\" data-title=\"Lamia La Caseddhe (9)\" data-caption=\"\" href='https:\/\/www.riposodelvento.it\/wp-content\/uploads\/2016\/04\/Lamia-La-Caseddhe-9.jpg'><img decoding=\"async\" width=\"150\" height=\"150\" src=\"https:\/\/www.riposodelvento.it\/wp-content\/uploads\/2016\/04\/Lamia-La-Caseddhe-9-150x150.jpg\" class=\"attachment-thumbnail size-thumbnail\" alt=\"\" srcset=\"https:\/\/www.riposodelvento.it\/wp-content\/uploads\/2016\/04\/Lamia-La-Caseddhe-9-66x66.jpg 66w, https:\/\/www.riposodelvento.it\/wp-content\/uploads\/2016\/04\/Lamia-La-Caseddhe-9-150x150.jpg 150w\" sizes=\"(max-width: 150px) 100vw, 150px\" \/><\/a>\n\t\t\t<\/dt><\/dl><dl class='gallery-item'>\n\t\t\t<dt class='gallery-icon portrait'>\n\t\t\t\t<a data-rel=\"iLightbox[postimages]\" data-title=\"Lamia La Caseddhe (7)\" data-caption=\"\" href='https:\/\/www.riposodelvento.it\/wp-content\/uploads\/2016\/04\/Lamia-La-Caseddhe-7.jpg'><img decoding=\"async\" width=\"150\" height=\"150\" src=\"https:\/\/www.riposodelvento.it\/wp-content\/uploads\/2016\/04\/Lamia-La-Caseddhe-7-150x150.jpg\" class=\"attachment-thumbnail size-thumbnail\" alt=\"\" srcset=\"https:\/\/www.riposodelvento.it\/wp-content\/uploads\/2016\/04\/Lamia-La-Caseddhe-7-66x66.jpg 66w, https:\/\/www.riposodelvento.it\/wp-content\/uploads\/2016\/04\/Lamia-La-Caseddhe-7-150x150.jpg 150w\" sizes=\"(max-width: 150px) 100vw, 150px\" \/><\/a>\n\t\t\t<\/dt><\/dl><dl class='gallery-item'>\n\t\t\t<dt class='gallery-icon landscape'>\n\t\t\t\t<a data-rel=\"iLightbox[postimages]\" data-title=\"Lamia La Caseddhe vista esterno girdino\" data-caption=\"\" href='https:\/\/www.riposodelvento.it\/wp-content\/uploads\/2016\/04\/Lamia-La-Caseddhe-vista-esterno-girdino.jpg'><img decoding=\"async\" width=\"150\" height=\"150\" src=\"https:\/\/www.riposodelvento.it\/wp-content\/uploads\/2016\/04\/Lamia-La-Caseddhe-vista-esterno-girdino-150x150.jpg\" class=\"attachment-thumbnail size-thumbnail\" alt=\"\" srcset=\"https:\/\/www.riposodelvento.it\/wp-content\/uploads\/2016\/04\/Lamia-La-Caseddhe-vista-esterno-girdino-66x66.jpg 66w, https:\/\/www.riposodelvento.it\/wp-content\/uploads\/2016\/04\/Lamia-La-Caseddhe-vista-esterno-girdino-150x150.jpg 150w\" sizes=\"(max-width: 150px) 100vw, 150px\" \/><\/a>\n\t\t\t<\/dt><\/dl><dl class='gallery-item'>\n\t\t\t<dt class='gallery-icon landscape'>\n\t\t\t\t<a data-rel=\"iLightbox[postimages]\" data-title=\"Lamia La Caseddhe (6)\" data-caption=\"\" href='https:\/\/www.riposodelvento.it\/wp-content\/uploads\/2016\/04\/Lamia-La-Caseddhe-6.jpg'><img decoding=\"async\" width=\"150\" height=\"150\" src=\"https:\/\/www.riposodelvento.it\/wp-content\/uploads\/2016\/04\/Lamia-La-Caseddhe-6-150x150.jpg\" class=\"attachment-thumbnail size-thumbnail\" alt=\"\" srcset=\"https:\/\/www.riposodelvento.it\/wp-content\/uploads\/2016\/04\/Lamia-La-Caseddhe-6-66x66.jpg 66w, https:\/\/www.riposodelvento.it\/wp-content\/uploads\/2016\/04\/Lamia-La-Caseddhe-6-150x150.jpg 150w\" sizes=\"(max-width: 150px) 100vw, 150px\" \/><\/a>\n\t\t\t<\/dt><\/dl><br style=\"clear: both\" \/>\n\t\t<\/div>\n\n<\/div><div class=\"fusion-sep-clear\"><\/div><div class=\"fusion-separator fusion-full-width-sep\" style=\"margin-left: auto;margin-right: auto;margin-bottom:0px;width:100%;\" id=\"breakfast-included\"><\/div><div class=\"fusion-sep-clear\"><\/div><div class=\"fusion-clearfix\"><\/div><\/div><\/div><\/div><\/div><div class=\"fusion-fullwidth fullwidth-box fusion-builder-row-9 presentazione-citazione nonhundred-percent-fullwidth non-hundred-percent-height-scrolling fusion-equal-height-columns\" style=\"background-color: #2053a4;background-position: left top;background-repeat: no-repeat;padding-top:0px;padding-right:0px;padding-bottom:0px;padding-left:0px;margin-bottom: 0px;margin-top: 0px;border-width: 0px 0px 0px 0px;border-color:#eae9e9;border-style:solid;\" ><div class=\"fusion-builder-row fusion-row\"><div class=\"fusion-layout-column fusion_builder_column fusion-builder-column-31 fusion_builder_column_1_3 1_3 fusion-one-third fusion-column-first testo\" style=\"margin-top:0px;margin-bottom:20px;\"><div class=\"fusion-column-wrapper fusion-flex-column-wrapper-legacy\" style=\"background-position:left top;background-repeat:no-repeat;-webkit-background-size:cover;-moz-background-size:cover;-o-background-size:cover;background-size:cover;background-color:#2053a4;padding: 40px 40px 40px 40px;\"><div class=\"fusion-text fusion-text-34\"><p style=\"letter-spacing: 4px; font-size: 13px; margin-bottom: 0px; text-align: center; text-transform: uppercase;\"><span style=\"color: #ffffff;\">TYPIQUE DE LA VALLE D\u2019ITRIA<\/span><\/p>\n<h1 style=\"text-align: center;\"><span style=\"color: #ffffff;\">La Lamia<\/span><\/h1>\n<\/div><div class=\"fusion-sep-clear\"><\/div><div class=\"fusion-separator\" style=\"margin-left: auto;margin-right: auto;margin-top:0px;margin-bottom:20px;width:100%;max-width:50px;\"><div class=\"fusion-separator-border sep-single sep-solid\" style=\"border-color:#cbaa5c;border-top-width:1px;\"><\/div><\/div><div class=\"fusion-sep-clear\"><\/div><div class=\"fusion-text fusion-text-35\"><div class=\"testo-chiaro\">\n<h4 style=\"text-align: center;\">Les trulli sont constitu\u00e9s d\u2019un toit en c\u00f4ne ou de vo\u00fbtes en pierre (lamia). Les g\u00eetes Lamia se composent d\u2019une <strong>chambre double<\/strong> avec <strong>kitchenette<\/strong> et <strong>salle de bains s\u00e9par\u00e9e<\/strong>. Certains lits peuvent \u00eatre compos\u00e9s de deux lits jumeaux.<\/h4>\n<\/div>\n<\/div><div class=\"fusion-clearfix\"><\/div><\/div><\/div><div class=\"fusion-layout-column fusion_builder_column fusion-builder-column-32 fusion_builder_column_1_3 1_3 fusion-one-third image\" style=\"margin-top:0px;margin-bottom:20px;\"><div class=\"fusion-column-wrapper fusion-flex-column-wrapper-legacy\" style=\"background-image: url(&#039;https:\/\/www.riposodelvento.it\/wp-content\/uploads\/2016\/04\/Lamia-edificio-tipico-della-Valle-dItria.jpg&#039;);background-position:center top;background-repeat:no-repeat;-webkit-background-size:cover;-moz-background-size:cover;-o-background-size:cover;background-size:cover;padding: 0px 0px 0px 0px;\" data-bg-url=\"https:\/\/www.riposodelvento.it\/wp-content\/uploads\/2016\/04\/Lamia-edificio-tipico-della-Valle-dItria.jpg\"><div class=\"fusion-clearfix\"><\/div><\/div><\/div><div class=\"fusion-layout-column fusion_builder_column fusion-builder-column-33 fusion_builder_column_1_3 1_3 fusion-one-third fusion-column-last testo\" style=\"margin-top:0px;margin-bottom:20px;\"><div class=\"fusion-column-wrapper fusion-flex-column-wrapper-legacy\" style=\"background-position:left top;background-repeat:no-repeat;-webkit-background-size:cover;-moz-background-size:cover;-o-background-size:cover;background-size:cover;background-color:#2053a4;padding: 40px 40px 40px 40px;\"><div class=\"fusion-text fusion-text-36\"><div class=\"testo-chiaro\">\n<p style=\"margin-top: 20px; padding-left: 20px; font-style: italic;\">R\u00e9nov\u00e9s dans le <strong>respect de la tradition<\/strong>, les Lamie (\u2018lamia\u2019 au pluriel) vous offrent <strong>tout ce dont vous avez besoin<\/strong> pour un s\u00e9jour fabuleux. Ils sont pourvus d&#8217;un <strong>r\u00e9frig\u00e9rateur<\/strong>, de la <strong>climatisation<\/strong>, du <strong>chauffage central<\/strong>, <strong>TV<\/strong> LCD, <strong>WiFi<\/strong>, de la <strong>literie et serviettes<\/strong>. La <strong>cuisine est \u00e9quip\u00e9e<\/strong>. Nous avons <strong>une Lamia double<\/strong> (logement de deux chambres), et <strong>cinq studios Lamia<\/strong>.<\/p>\n<\/div>\n<\/div><div class=\"fusion-clearfix\"><\/div><\/div><\/div><\/div><\/div><div class=\"fusion-fullwidth fullwidth-box fusion-builder-row-10 hundred-percent-fullwidth non-hundred-percent-height-scrolling\" style=\"background-color: rgba(255,255,255,0);background-position: center center;background-repeat: no-repeat;padding-top:0px;padding-right:30px;padding-bottom:0px;padding-left:30px;margin-bottom: 90px;margin-top: 0px;border-width: 0px 0px 0px 0px;border-color:#eae9e9;border-style:solid;\" ><div class=\"fusion-builder-row fusion-row\"><div class=\"fusion-layout-column fusion_builder_column fusion-builder-column-34 fusion_builder_column_1_1 1_1 fusion-one-full fusion-column-first fusion-column-last fusion-column-no-min-height\" style=\"margin-top:0px;margin-bottom:0px;\"><div class=\"fusion-column-wrapper fusion-flex-column-wrapper-legacy\" style=\"background-position:left top;background-repeat:no-repeat;-webkit-background-size:cover;-moz-background-size:cover;-o-background-size:cover;background-size:cover;padding: 0px 0px 0px 0px;\"><div class=\"fusion-sep-clear\"><\/div><div class=\"fusion-separator fusion-full-width-sep\" style=\"margin-left: auto;margin-right: auto;width:100%;\" id=\"breakfast-included\"><\/div><div class=\"fusion-sep-clear\"><\/div><div class=\"fusion-clearfix\"><\/div><\/div><\/div><\/div><style type=\"text\/css\">.fusion-fullwidth.fusion-builder-row-10 { overflow:visible; }<\/style><\/div><div class=\"fusion-fullwidth fullwidth-box fusion-builder-row-11 hundred-percent-fullwidth non-hundred-percent-height-scrolling\" style=\"background-color: rgba(255,255,255,0);background-position: center center;background-repeat: no-repeat;padding-top:0px;padding-right:30px;padding-bottom:0px;padding-left:30px;margin-bottom: 0px;margin-top: 0px;border-width: 0px 0px 0px 0px;border-color:#eae9e9;border-style:solid;\" ><div class=\"fusion-builder-row fusion-row\"><div class=\"fusion-layout-column fusion_builder_column fusion-builder-column-35 fusion_builder_column_1_1 1_1 fusion-one-full fusion-column-first fusion-column-last NO-testo-colonne\" style=\"margin-top:0px;margin-bottom:0px;\"><div class=\"fusion-column-wrapper fusion-flex-column-wrapper-legacy\" style=\"background-position:left top;background-repeat:no-repeat;-webkit-background-size:cover;-moz-background-size:cover;-o-background-size:cover;background-size:cover;padding: 0px 0px 0px 0px;\"><div class=\"fusion-text fusion-text-37\"><p class=\"no-margin-bottom\"><img decoding=\"async\" class=\"aligncenter size-full wp-image-4313\" src=\"https:\/\/www.riposodelvento.it\/wp-content\/uploads\/2016\/04\/fiore-riposo-del-vento-2.png\" alt=\"Natura e tradizione al B&amp;B Riposo del Vento\" width=\"450\" height=\"82\" srcset=\"https:\/\/www.riposodelvento.it\/wp-content\/uploads\/2016\/04\/fiore-riposo-del-vento-2-300x55.png 300w, https:\/\/www.riposodelvento.it\/wp-content\/uploads\/2016\/04\/fiore-riposo-del-vento-2.png 450w\" sizes=\"(max-width: 450px) 100vw, 450px\" \/><\/p>\n<\/div><div class=\"fusion-clearfix\"><\/div><\/div><\/div><\/div><style type=\"text\/css\">.fusion-fullwidth.fusion-builder-row-11 { overflow:visible; }<\/style><\/div><\/p>\n","protected":false},"excerpt":{"rendered":"","protected":false},"author":1,"featured_media":0,"parent":0,"menu_order":0,"comment_status":"open","ping_status":"closed","template":"100-width.php","meta":{"_exactmetrics_skip_tracking":false,"_exactmetrics_sitenote_active":false,"_exactmetrics_sitenote_note":"","_exactmetrics_sitenote_category":0,"footnotes":""},"class_list":["post-5181","page","type-page","status-publish","hentry"],"yoast_head":"<!-- This site is optimized with the Yoast SEO plugin v27.2 - https:\/\/yoast.com\/product\/yoast-seo-wordpress\/ -->\n<title>LES G\u00ceTES - Riposo del Vento<\/title>\n<meta name=\"robots\" content=\"index, follow, max-snippet:-1, max-image-preview:large, max-video-preview:-1\" \/>\n<link rel=\"canonical\" href=\"https:\/\/www.riposodelvento.it\/fr\/les-gites\/\" \/>\n<meta property=\"og:locale\" content=\"fr_FR\" \/>\n<meta property=\"og:type\" content=\"article\" \/>\n<meta property=\"og:title\" content=\"LES G\u00ceTES - Riposo del Vento\" \/>\n<meta property=\"og:url\" content=\"https:\/\/www.riposodelvento.it\/fr\/les-gites\/\" \/>\n<meta property=\"og:site_name\" content=\"Riposo del Vento\" \/>\n<meta property=\"article:modified_time\" content=\"2025-02-19T10:22:22+00:00\" \/>\n<meta property=\"og:image\" content=\"https:\/\/www.riposodelvento.it\/wp-content\/uploads\/2016\/04\/tutti-i-servizi-gratuiti-compresi-nel-prezzo.png\" \/>\n<meta name=\"twitter:card\" content=\"summary_large_image\" \/>\n<meta name=\"twitter:label1\" content=\"Est. reading time\" \/>\n\t<meta name=\"twitter:data1\" content=\"22 minutes\" \/>\n<script type=\"application\/ld+json\" class=\"yoast-schema-graph\">{\"@context\":\"https:\/\/schema.org\",\"@graph\":[{\"@type\":\"WebPage\",\"@id\":\"https:\/\/www.riposodelvento.it\/fr\/les-gites\/\",\"url\":\"https:\/\/www.riposodelvento.it\/fr\/les-gites\/\",\"name\":\"LES G\u00ceTES - Riposo del Vento\",\"isPartOf\":{\"@id\":\"https:\/\/www.riposodelvento.it\/en\/#website\"},\"primaryImageOfPage\":{\"@id\":\"https:\/\/www.riposodelvento.it\/fr\/les-gites\/#primaryimage\"},\"image\":{\"@id\":\"https:\/\/www.riposodelvento.it\/fr\/les-gites\/#primaryimage\"},\"thumbnailUrl\":\"https:\/\/www.riposodelvento.it\/wp-content\/uploads\/2016\/04\/tutti-i-servizi-gratuiti-compresi-nel-prezzo.png\",\"datePublished\":\"2016-04-05T12:22:41+00:00\",\"dateModified\":\"2025-02-19T10:22:22+00:00\",\"breadcrumb\":{\"@id\":\"https:\/\/www.riposodelvento.it\/fr\/les-gites\/#breadcrumb\"},\"inLanguage\":\"fr-FR\",\"potentialAction\":[{\"@type\":\"ReadAction\",\"target\":[\"https:\/\/www.riposodelvento.it\/fr\/les-gites\/\"]}]},{\"@type\":\"ImageObject\",\"inLanguage\":\"fr-FR\",\"@id\":\"https:\/\/www.riposodelvento.it\/fr\/les-gites\/#primaryimage\",\"url\":\"https:\/\/www.riposodelvento.it\/wp-content\/uploads\/2016\/04\/tutti-i-servizi-gratuiti-compresi-nel-prezzo.png\",\"contentUrl\":\"https:\/\/www.riposodelvento.it\/wp-content\/uploads\/2016\/04\/tutti-i-servizi-gratuiti-compresi-nel-prezzo.png\"},{\"@type\":\"BreadcrumbList\",\"@id\":\"https:\/\/www.riposodelvento.it\/fr\/les-gites\/#breadcrumb\",\"itemListElement\":[{\"@type\":\"ListItem\",\"position\":1,\"name\":\"Home\",\"item\":\"https:\/\/riposodelvento.it\/\"},{\"@type\":\"ListItem\",\"position\":2,\"name\":\"LES G\u00ceTES\"}]},{\"@type\":\"WebSite\",\"@id\":\"https:\/\/www.riposodelvento.it\/en\/#website\",\"url\":\"https:\/\/www.riposodelvento.it\/en\/\",\"name\":\"Riposo del Vento\",\"description\":\"Trulli e B&amp;B in Puglia\",\"potentialAction\":[{\"@type\":\"SearchAction\",\"target\":{\"@type\":\"EntryPoint\",\"urlTemplate\":\"https:\/\/www.riposodelvento.it\/en\/?s={search_term_string}\"},\"query-input\":{\"@type\":\"PropertyValueSpecification\",\"valueRequired\":true,\"valueName\":\"search_term_string\"}}],\"inLanguage\":\"fr-FR\"}]}<\/script>\n<!-- \/ Yoast SEO plugin. -->","yoast_head_json":{"title":"LES G\u00ceTES - Riposo del Vento","robots":{"index":"index","follow":"follow","max-snippet":"max-snippet:-1","max-image-preview":"max-image-preview:large","max-video-preview":"max-video-preview:-1"},"canonical":"https:\/\/www.riposodelvento.it\/fr\/les-gites\/","og_locale":"fr_FR","og_type":"article","og_title":"LES G\u00ceTES - Riposo del Vento","og_url":"https:\/\/www.riposodelvento.it\/fr\/les-gites\/","og_site_name":"Riposo del Vento","article_modified_time":"2025-02-19T10:22:22+00:00","og_image":[{"url":"https:\/\/www.riposodelvento.it\/wp-content\/uploads\/2016\/04\/tutti-i-servizi-gratuiti-compresi-nel-prezzo.png","type":"","width":"","height":""}],"twitter_card":"summary_large_image","twitter_misc":{"Est. reading time":"22 minutes"},"schema":{"@context":"https:\/\/schema.org","@graph":[{"@type":"WebPage","@id":"https:\/\/www.riposodelvento.it\/fr\/les-gites\/","url":"https:\/\/www.riposodelvento.it\/fr\/les-gites\/","name":"LES G\u00ceTES - Riposo del Vento","isPartOf":{"@id":"https:\/\/www.riposodelvento.it\/en\/#website"},"primaryImageOfPage":{"@id":"https:\/\/www.riposodelvento.it\/fr\/les-gites\/#primaryimage"},"image":{"@id":"https:\/\/www.riposodelvento.it\/fr\/les-gites\/#primaryimage"},"thumbnailUrl":"https:\/\/www.riposodelvento.it\/wp-content\/uploads\/2016\/04\/tutti-i-servizi-gratuiti-compresi-nel-prezzo.png","datePublished":"2016-04-05T12:22:41+00:00","dateModified":"2025-02-19T10:22:22+00:00","breadcrumb":{"@id":"https:\/\/www.riposodelvento.it\/fr\/les-gites\/#breadcrumb"},"inLanguage":"fr-FR","potentialAction":[{"@type":"ReadAction","target":["https:\/\/www.riposodelvento.it\/fr\/les-gites\/"]}]},{"@type":"ImageObject","inLanguage":"fr-FR","@id":"https:\/\/www.riposodelvento.it\/fr\/les-gites\/#primaryimage","url":"https:\/\/www.riposodelvento.it\/wp-content\/uploads\/2016\/04\/tutti-i-servizi-gratuiti-compresi-nel-prezzo.png","contentUrl":"https:\/\/www.riposodelvento.it\/wp-content\/uploads\/2016\/04\/tutti-i-servizi-gratuiti-compresi-nel-prezzo.png"},{"@type":"BreadcrumbList","@id":"https:\/\/www.riposodelvento.it\/fr\/les-gites\/#breadcrumb","itemListElement":[{"@type":"ListItem","position":1,"name":"Home","item":"https:\/\/riposodelvento.it\/"},{"@type":"ListItem","position":2,"name":"LES G\u00ceTES"}]},{"@type":"WebSite","@id":"https:\/\/www.riposodelvento.it\/en\/#website","url":"https:\/\/www.riposodelvento.it\/en\/","name":"Riposo del Vento","description":"Trulli e B&amp;B in Puglia","potentialAction":[{"@type":"SearchAction","target":{"@type":"EntryPoint","urlTemplate":"https:\/\/www.riposodelvento.it\/en\/?s={search_term_string}"},"query-input":{"@type":"PropertyValueSpecification","valueRequired":true,"valueName":"search_term_string"}}],"inLanguage":"fr-FR"}]}},"_links":{"self":[{"href":"https:\/\/www.riposodelvento.it\/fr\/wp-json\/wp\/v2\/pages\/5181","targetHints":{"allow":["GET"]}}],"collection":[{"href":"https:\/\/www.riposodelvento.it\/fr\/wp-json\/wp\/v2\/pages"}],"about":[{"href":"https:\/\/www.riposodelvento.it\/fr\/wp-json\/wp\/v2\/types\/page"}],"author":[{"embeddable":true,"href":"https:\/\/www.riposodelvento.it\/fr\/wp-json\/wp\/v2\/users\/1"}],"replies":[{"embeddable":true,"href":"https:\/\/www.riposodelvento.it\/fr\/wp-json\/wp\/v2\/comments?post=5181"}],"version-history":[{"count":5,"href":"https:\/\/www.riposodelvento.it\/fr\/wp-json\/wp\/v2\/pages\/5181\/revisions"}],"predecessor-version":[{"id":44895,"href":"https:\/\/www.riposodelvento.it\/fr\/wp-json\/wp\/v2\/pages\/5181\/revisions\/44895"}],"wp:attachment":[{"href":"https:\/\/www.riposodelvento.it\/fr\/wp-json\/wp\/v2\/media?parent=5181"}],"curies":[{"name":"wp","href":"https:\/\/api.w.org\/{rel}","templated":true}]}}